{"id":42,"date":"2018-01-31T22:59:25","date_gmt":"2018-01-31T21:59:25","guid":{"rendered":"http:\/\/wybuchniepanika.vxm.pl\/?page_id=42"},"modified":"2026-06-13T08:00:11","modified_gmt":"2026-06-13T08:00:11","slug":"live-dates","status":"publish","type":"page","link":"https:\/\/martinkuchen.com\/index.php\/live-dates\/","title":{"rendered":"Live Dates"},"content":{"rendered":"\n<p><strong>upcoming concerts:<\/strong><\/p>\n\n\n\n<p><strong>June 2026<\/strong><\/p>\n\n\n\n<p>Sunday the 7th of June @ Kunsthaus Norden, Norden, Germany @ 11.30. Duo with John Hughes.<\/p>\n\n\n\n<p>Saturday the 6th of June @ Gerd-Norden, Norden, Germany @ 20.00. Duo with John Hughes.<\/p>\n\n\n\n<p>Friday the 5th of June @ Runde Ecken- CUBA- Black Box, M\u00fcnster, Germany @ 19.30. Duo with John Hughes.<\/p>\n\n\n\n<p><strong>May 2026<\/strong><\/p>\n\n\n\n<p>Saturday the 30th of May @ Sk4CK, Malm\u00f6, Sweden @ 19.30. K\u00fcM\u00fcPPer. Trio with Herman M\u00fcntzing, Martin Klapper and Martin K\u00fcchen.<\/p>\n\n\n\n<p>Sunday the 24th of May @ Konsertkirken &#8211; Sunday Sessions, Copenhagen, Denmark  @ 19.00. Angles &amp; Elle-Kari trio.<\/p>\n\n\n\n<p>Thursday the 14th of May @ Westwerk, Hamburg, Germany @ 19.30. Duo with H\u00e5kon Berre.<\/p>\n\n\n\n<p>Tuesday the 12th of May @ PAS, Berlin, Germany @ 20.30. Duo with Joel Grip<\/p>\n\n\n\n<p>Saturday the 2nd of May @ <a href=\"https:\/\/fylkingen.se\/en\/events\/farida-amadou#title\">Fylkingen<\/a>, Bred\u00e4ng, Stockholm @ 19.00 w M\u00fcAEM(Landaeus\/K\u00fcchen) and Farida Amadou(separate solo act).<\/p>\n\n\n\n<p><strong>April 2026<\/strong><\/p>\n\n\n\n<p>Thursday the 30th of April @ <a href=\"https:\/\/polychorosket.gr\/en\/events\/martin-kuchen-alex-zethson-nikos-veliotis-en\/\">KET<\/a>, Athens, Greece @ 21.00 w Nikos Veliotis and Alex Zethson.<\/p>\n\n\n\n<p>Friday the 24th of April @ Toyen Kirke, Oslo @ 18.00 @ <a href=\"https:\/\/onlyconnect.no\/oslo-2026\">Only Connect Oslo<\/a> w Michaela Antalova\/Martin K\u00fcchen duo.<\/p>\n\n\n\n<p>Friday the 17th of April @ Galerija SDK, Tolmin, Slovenia @ 20.00 w Gal Furlan and Andrej Kobal.<\/p>\n\n\n\n<p>Thursday the 16th of April @ Klub Stala, Lokavec, Slovenia @ 19.30 w Gal Furland and Andrej Kobal.<\/p>\n\n\n\n<p>Wednesday the 15th of April @ Carinarnica, Nova Gorica, Slovenia @ 20.00 w Gal Furland and Andrej Kobal.<\/p>\n\n\n\n<p>Thursday the 2nd of April @ T\u00e4nn\u00e4skr\u00f6ket, T\u00e4nn\u00e4s, Sweden @ 17.30. Angles &amp; Elle-Kari trio performs &#8220;The death of Kalypso&#8221;. With Alex Zethson, Elle-Kari Sander and Martin K\u00fcchen.<\/p>\n\n\n\n<p><strong>March 2026<\/strong><\/p>\n\n\n\n<p>Saturday the 28th of March @ <a href=\"https:\/\/www.scalateatern.se\/forestallning\/angles-elle-kari-plays-the-death-of-kalypso\/\">Scalateatern<\/a>, Stockholm, Sweden @ 20.30. Angles &amp; Elle-Kari performs &#8220;The death of Kalypso&#8221;.<\/p>\n\n\n\n<p>Friday the 27th of March @ <a href=\"https:\/\/victoria.se\/sv\/program\/the-death-of-kalypso\">Victoria-teatern<\/a>, Malm\u00f6, Sweden @ 19.30. Angles &amp; Elle-Kari performs &#8220;The death of Kalypso&#8221;.<\/p>\n\n\n\n<p>Thursday the 26th of March @ <a href=\"https:\/\/www.rorane.se\/angles-en-jazzopera-torsdag-26-mars-19-30\/\">R\u00f6rane studio<\/a>, Bottna-Hamburgsund, Sweden @ 19.30. Angles &amp; Elle-Kari performs &#8220;The death of Kalypso&#8221;.<\/p>\n\n\n\n<p>Wednesday the 25th of March @ <a href=\"https:\/\/www.folkteatern.se\/events\/angles-elle-kari-the-death-of-calypso\">Folkteatern<\/a>, Gothenburg, Sweden @ 19.30. Angles &amp; Elle-Kari performs &#8220;The death of Kalypso&#8221;.<\/p>\n\n\n\n<p>Monday the 23d of March @ Mocvara, Zagreb, Croatia @ 21.00. Duo w Ana Kravanja.<\/p>\n\n\n\n<p>Sunday the 22nd of March @ Defonija &#8211; Hupa Brajdic, Ljubljana, Slovenia @ 20.00. Duo w Ana Kravanja.<\/p>\n\n\n\n<p>Saturday the 21st of March @ Glasbena sola Cerkno, Zavod Jazz Cerkno, Cerkno, Slovenia @ 20.00. Duo w Ana Kravanja.<\/p>\n\n\n\n<p>Friday the 20th of March @ Kulturni dom Bistrica ob Sotli, Bistrica ob Sotli, Slovenia @ 19.30. Duo w Ana Kravanja.<\/p>\n\n\n\n<p>Thursday the 19th of March @ MMC Kibla, Maribor, Slovenia @ 20.30. Duo w Ana Kravanja.<\/p>\n\n\n\n<p>Wednesday the 18th of March @ Klub eMCe Plac, Velenje, Slovenia @ 20.00. Duo w Ana Kravanja.<\/p>\n\n\n\n<p>Tuesday the 17th of March @ Layerjeva hisa, Kranj, Slovenia @ 19.00. Duo w Ana Kravanja.<\/p>\n\n\n\n<p>Monday the 16th of March @ KVS Zakon, Vrhnika, Slovenia @ 19.00. Duo w Ana Kravanja.<\/p>\n\n\n\n<p>Sunday the 15th of March @ DobiaLab, Staranzano, Italy @ 18.00. Duo w Ana Kravanja.<\/p>\n\n\n\n<p>Saturday the 14th of March @ Kreativna cona Vrtojba, Nova Gorica, Slovenia @ 20.00. Duo w Ana Kravanja.<\/p>\n\n\n\n<p>Tuesday the 3d of March @ R\u00f6nnells, Stockholm, Sweden @ 19.30 w M\u00fcAEM (Landaeus\/K\u00fcchen) duo.<\/p>\n\n\n\n<p><strong>February 2026<\/strong><\/p>\n\n\n\n<p>Wednesday the 11th of February @ Fasching Jazz club, Stockholm, Sweden @19.30 w Vilhelm Bromander Unfolding Orchestra.<\/p>\n\n\n\n<p>Thursday the 5th of February @ Moriskan, Malm\u00f6, Sweden @ 20.00 w Skall!(Lipscomb\/Osgood\/K\u00fcchen) + VED.<\/p>\n\n\n\n<p><strong>January 2026<\/strong><\/p>\n\n\n\n<p>Friday the 30th of January @ Gathenhielmska Huset, Gothenburg, Sweden @ 19.30 w P\u00e4r Th\u00f6rn, Anton Jonsson, Joel Grip.<\/p>\n\n\n\n<p>Thursday the 29th of January @ Lygten Station, Copenhagen, Denmark. Absolute Music -series. Skall!-trio(Lipscomb\/Osgood\/K\u00fcchen)<\/p>\n\n\n\n<p>Wednesday the 28th of January @ Dieselverkstaden, Stockholm @ 17.30 w Angles &amp; Elle-Kari trio  (Zethson\/Elle-Kari\/K\u00fcchen) performs parts from &#8220;The death of Kalypso&#8221;.<\/p>\n\n\n\n<p>Saturday the 24th of January @Sk4ck, Malm\u00f6, Sweden @19.30. M\u00fcAEM -duo(Landaeus\/K\u00fcchen).<\/p>\n\n\n\n<p><strong>December 2025<\/strong><\/p>\n\n\n\n<p>Wednesday the 17th of December @ KINO\/Jazz club Underground, Lund, Sweden @ 19.30 Guest Mathias Landaeus Trio Julfest<\/p>\n\n\n\n<p>Friday the 12th of December@ Krematoriet, Stockholm, Sweden @ 20.00 Vilhelm Bromander Unfolding Orchestra.<\/p>\n\n\n\n<p>Tuesday the 2nd of December @Galleri 21, Malm\u00f6, Sweden @19.00 Mass celebration and Thank You-concert for owner G\u00f6ran Green.<\/p>\n\n\n\n<p><\/p>\n\n\n\n<p><strong>November 2025<\/strong><\/p>\n\n\n\n<p>Thursday the 27th of November @ Galleri 21, Malm\u00f6, Sweden @ 19.30 with Alexander Markvart, Herman M\u00fcntzing, Adam Persson and Martin K\u00fcchen.<\/p>\n\n\n\n<p>Sunday the 16th of November @ Bubblan, Gothenburg, Sweden @ 20.00 Trio with P\u00e4r Th\u00f6rn, Andton Jonsson and Martin K\u00fcchen.<\/p>\n\n\n\n<p>Saturday the 8th of November @ \u00c4lmhult Music &amp; Arts, \u00c4lmhult, Sweden @ 21.00 Angles &amp; Elle-Kari with Strings performed &#8220;The death of Kalypso&#8221;.<\/p>\n\n\n\n<p><strong>October 2025<\/strong><\/p>\n\n\n\n<p>Sunday the 12th of October@ Glenn Miller Caf\u00e9, Stockholm, Sweden@ 20.00 All Included(SWE\/NO).<\/p>\n\n\n\n<p>Friday the 10th of October @ Scalateatern, Stockholm, Sweden @ 21.00 Vilhelm Bromander Unfolding Orchestra.<\/p>\n\n\n\n<p><strong>September 2025<\/strong><\/p>\n\n\n\n<p>Tuesday the 16th of September @ <a href=\"https:\/\/frimsyd.se\/2025\/09\/martin-kuchen-michaela-antalova\/\">Sk4ck<\/a>, Frim-syd, Malm\u00f6, Sweden @ 19.00. Antalova\/K\u00fcchen duo.<\/p>\n\n\n\n<p>Sunday the 14th of September @ <a href=\"https:\/\/www.fylkingen.se\/sv\/events\/frim-60-lise-lotte-norelius-solo-michaela-antalova-and-martin-kuchen#title\">Fylkingen<\/a>, Stockholm, Sweden @ 19.00. Antalova\/K\u00fcchen duo.<\/p>\n\n\n\n<p>Sunday the 7th of September @ <a href=\"https:\/\/pas-berlin.org\/event\/martin-kuchen-diano-miron-ute-wassermann-raed-yassin\/\">PAS<\/a>, Berlin, Germany @ 20.30. Quartet with Raed Yassin, Diana Miron, Ute Wassermann and Martin K\u00fcchen.<\/p>\n\n\n\n<p>Saturday the 6th of September @ Morphineraum, Berlin, Germany @ 20.00. Solo and in trio with Diana Miron and Raed Yassin.<\/p>\n\n\n\n<p>Tuesday the 2nd of September @ Richten 25, Berlin, Germany @ 20.00. With Mazen Kerbaj, Raed Yassin, Ute Wassermann and Martin K\u00fcchen.<\/p>\n\n\n\n<p><strong>August 2025<\/strong><\/p>\n\n\n\n<p>Tuesday the 26th of August @ <a href=\"https:\/\/www.friformtrondheim.no\/nb\/programarkiv\">Dokkhuset<\/a>, Trondheim, Norway @ 20.00. In duo with Michaela Antalova.<\/p>\n\n\n\n<p>Monday the 4th of August &#8220;Fj\u00e4rliseffekten&#8221; @ Berg\u00e5sa, Sk\u00e4rva naturreservat, Karlskrona, Sweden @ 17.00. Outdoor concert in the woods.<\/p>\n\n\n\n<p><strong>July 2025<\/strong><\/p>\n\n\n\n<p>Friday the 18th of July @ Alt R Jazz Festival, Aarhus, Denmark @ 20.00 w Kresten Osgood, Jon Lipscomb and Martin K\u00fcchen trio.<\/p>\n\n\n\n<p>Thursday the 10th of July @ R\u00e5huset, Copenhagen Jazz Festival, Copenhagen, Denmark @ 22.30. Duo with H\u00e5kon Berre. Release concert.<\/p>\n\n\n\n<p>Wednesday the 9th of July @ Mandagsklubben\/H15, Kodbyen, Copenhagen, Denmark @ 21.30 w The Carneys(Ericson\/Lindsj\u00f6\/Uddeskog\/K\u00fcchen)<\/p>\n\n\n\n<p><strong>May 2025<\/strong><\/p>\n\n\n\n<p>Friday the 30th of May @ <a href=\"https:\/\/www.sowiesoberlin.com\/\">Sowieso<\/a>, Berlin, Germany 20.30 w Anton Jonsson, Joel Grip and Martin K\u00fcchen.<\/p>\n\n\n\n<p>Wednesday the 28th of May @ PAS, Berlin, Germany @ 19.30 w Anton Jonsson, Joel Grip and Martin K\u00fcchen.<\/p>\n\n\n\n<p>Monday the 26th of May at 20.00 @ PAS, Berlin, Germany w Klub Demboh &#8211; with Joel Grip, Anton Jonsson, Axel D\u00f6rner, Mia Dyberg, Carina Khorkhordina a. o.<\/p>\n\n\n\n<p>Sunday the 11th of May @ <a href=\"https:\/\/www.fasching.se\/det-svenska-musikundret-pt3-thanatosis\/\">Fasching<\/a>, Stockholm, Sweden @ Thanatosis-night&nbsp; &#8211; (&#8220;Det svenska musikundret&#8221;) from 16.00 w Angles + Elle-Kari Kammarensemble and with Vilhelm Bromander Unfolding Orchestra release concert<\/p>\n\n\n\n<p>Saturday the 10th of May @ \u00d6rebro Konserthus, \u00d6rebro, Sweden @ <a href=\"https:\/\/svenskjazz.se\/jazzfesten\/\">Jazzfesten<\/a> @ 19.00 w Vilhelm Bromander Unfolding Orchestra<\/p>\n\n\n\n<p>Friday the 9th of May @ Khimaira, Stockholm, Sweden @ 19.30 w The Electrics.<\/p>\n\n\n\n<p><strong>April 2025<\/strong><\/p>\n\n\n\n<p>Saturday the 26th of April @ Klub Gromka, Ljubljana, Slovenia @ 21.00 w Zlatko Kaucic and Martin K\u00fcchen.<\/p>\n\n\n\n<p>Friday the 25th of April @ Klub Stala, Kussa, Lokavec, Slovenia @ 19.30 w Zlatko Kaucic, Tomaz Grom and Martin K\u00fcchen.<\/p>\n\n\n\n<p>Thursday the 24th of April @ Grof Melin, Zagreb, Croatia @ 20.00 w Zlatko Kaucic, Tomaz Grom and Martin K\u00fcchen.<\/p>\n\n\n\n<p>Friday the 18th of April @ <a href=\"https:\/\/roadburn.com\/band\/angles\/\">Roadburn Festival<\/a>, Tilburg, The Netherlands at 22.30 w Angles + Elle-Kari The death of Kalypso.<\/p>\n\n\n\n<p>Wednesday the 16th of April @ Bio Aspen, Aspudden, Stockholm, Sweden @ 19.00 w Eje Thelin Project\/Lokaljazzen &#8211; lead by Alex Zethson and Vilhelm Bromander w Ola Rubin, Maria Dahlin and Martin K\u00fcchen.<\/p>\n\n\n\n<p>Thursday the 10th of April @ Glenn Miller Caf\u00e9, Stockholm, Sweden @ 20.00 w Anton Jonsson, Vilhelm Bromander and Martin K\u00fcchen.<\/p>\n\n\n\n<p><strong>March 2025<\/strong><\/p>\n\n\n\n<p>Wednesday the 26th of March @ R\u00f6nnells, Stockholm, Sweden @19.00 w Threnody(Berthling\/K\u00fcchen\/Noble).<\/p>\n\n\n\n<p><strong>February 2025<\/strong><\/p>\n\n\n\n<p>Tuesday the 25th of February@ Vinterjazz, H15\/Klub Primi, Copenhagen, Denmark@20.00. The trio with Kresten Osgood &#8211; drums, Jon Lipscomb &#8211; guitar and Martin K\u00fcchen &#8211; soprano &#8211; and sopranino saxophone.<\/p>\n\n\n\n<p>Wednesday the 13th of February@ R\u00f6nnells, Stockholm, Sweden@19.00. Trespass trio feat Susana Santos Silva (Dennis Egberth replacing Raymond Strid).<\/p>\n\n\n\n<p>Tuesday the 12th of February@ Kafe Haerverk, Oslo, Norway@20.00. Trespass trio feat Susana Santos Silva(Dennis Egberth replacing Raymond Strid).<\/p>\n\n\n\n<p><strong>January 2025<\/strong><\/p>\n\n\n\n<p>Wednesday the 22nd of January@ Br\u00f6tz, Gothenburg, Sweden@ 20.00. Eric Oscarsson quartet with Jonny Wartel.<\/p>\n\n\n\n<p>Saturday the 18th of January@ Tedans, Bergen, Norway@20.00. All Included(Magnus Broo, Mats \u00c4leklint, Martin K\u00fcchen, Tollef \u00d6stvang, Jon Rune Str\u00f6m).<\/p>\n\n\n\n<p>Friday the 17th of January@ BAS, Bandhagen, Sweden@19.00. All Included and Dennis Egberth Dynasty shared the evening.<\/p>\n\n\n\n<p><strong>December 2024<\/strong><\/p>\n\n\n\n<p>Wednesday the 4th of December@ Glenn Miller Caf\u00e9, Stockholm, Sweden@ 20.00. The trio with Vilhelm Bromander &#8211; double bass, Anton Jonsson &#8211; drums and Martin K\u00fcchen &#8211; soprano &#8211; and sopraninosaxophone, percussion<\/p>\n\n\n\n<p><strong>November 2024<\/strong><\/p>\n\n\n\n<p>Wednesday the 27th of November @ <a href=\"https:\/\/www.brotznow.se\/\">BR\u00d6TZ<\/a>, Gothenburg, Sweden @ 20.00 w Mathias Landaeus.<\/p>\n\n\n\n<p>Tuesday the 26th of November @ Klub Primi, Copenhagen, Denmark @ 20.00 w Mathias Landaeus.<\/p>\n\n\n\n<p>Friday the 22nd of November @ Magle Lilla Kyrkogatan Atelj\u00e9n, Lund, Sweden. Release with Mathias Landaeus M\u00fcEAM.<\/p>\n\n\n\n<p>Sunday the 17th of November @ Khimaira, Stockholm, Sweden @ 19.00. Paul Vogel&nbsp; &amp; Company. Participating musicians: Erik Carlsson, Anna Lindal, Kristine Scholz, Elle-Kari Sander, Emil Strandberg, Ville Bromander<\/p>\n\n\n\n<p>Wednesday the 6th of November @ Improdimensija, Vilnius, Lithuania @ 19.00 with Arkady Gotesman\/Martin K\u00fcchen Duo.<\/p>\n\n\n\n<p>Sunday the 3d of November @ Jazzinstitut Berlin, Refo, Otto Spielplatz, Jazz Lab Moabit @ 11.30,<a href=\"https:\/\/www.berlinerfestspiele.de\/jazzfest-berlin\/programm\/2024\/kalender\/communitylab-03-11\"> Berlin Jazz Festival<\/a>.<\/p>\n\n\n\n<p>Saturday the 2nd of November @ Otto Spielplatz, Jazz Lab Moabit Pop Up Sessions @ 14.00. <a href=\"https:\/\/www.berlinerfestspiele.de\/jazzfest-berlin\/programm\/2024\/kalender\/communitylab-02-11\">Berlin Jazz Festival<\/a>.<\/p>\n\n\n\n<p>Friday the 1st of November @ Kallasch, Moabit, Berlin @ 19.30 w Joel Grip, Anton Jonsson. <a href=\"https:\/\/www.berlinerfestspiele.de\/jazzfest-berlin\/programm\/2024\/kalender\/communitylab-01-11\">Berlin Jazz Festival<\/a>.<\/p>\n\n\n\n<p><strong>October 2024<\/strong><\/p>\n\n\n\n<p>Thursday the 31st of October @ Berliner Festspiele, <a href=\"https:\/\/www.berlinerfestspiele.de\/jazzfest-berlin\/programm\/2024\/kalender\/bromander-crispell-decoy-mcphee\">Berlin Jazz Festival<\/a>, Berlin, Germany w Ville Bromander Unfolding Orchestra @ 17.00.<\/p>\n\n\n\n<p>Wednesday the 30th of October @ <a href=\"https:\/\/www.berlinerfestspiele.de\/jazzfest-berlin\/programm\/2024\/kalender\/communitylab-30-10\">Berlin Jazz Festival<\/a>, Berlin, Germany @ Jazzfest Community Lab Moabit III @ Fanny Hensel Musicschule, Moabit, Leading Open Workshop w Big Band Fanny Hensel @ 19.00.<\/p>\n\n\n\n<p>Saturday the 26th of October @ <a href=\"https:\/\/umeajazzfestival.se\/evenemang\/the-death-of-kalypso-angeles-elle-kari-with-strings-314\">Ume\u00e5 Jazz festival<\/a>, Ume\u00e5, Sweden @ 22.45 w The death of Kalypso &#8211; Angles + Elle-Kari with Strings.<\/p>\n\n\n\n<p>Saturday the 19th of October @ <a href=\"https:\/\/casadamusica.com\/event\/trespass-trio-com-susana-santos-silva-%C2%B7-joao-barradas-quartet\/\">Casa de Musica<\/a>, Porto, Portugal @ 21.00 w Trespass Trio feat Susana Santos Silva.<\/p>\n\n\n\n<p>Friday the 18th of October @ <a href=\"https:\/\/www.cm-seixal.pt\/seixaljazz\/2024\/seixaljazz-2024\">Seixal Jazz 24<\/a>, Seixal, Portugal @ 22.00 w Trespass Trio feat Susana Santos Silva.<\/p>\n\n\n\n<p>Thursday the 17th of October @ Jazz Ao Centro, Coimbra, Portugal @ 20.30 w Trespass Trio feat Susana Santos Silva<\/p>\n\n\n\n<p>Thursday the 10th of October @ Opalen, Rimbo, Sweden w Ville Bromander Unfolding Septett @ 19.00<\/p>\n\n\n\n<p>Friday the 4th of October @ SK4CK, Malm\u00f6, Sweden @ 19.30. Duo with P\u00e4r Th\u00f6rn.<\/p>\n\n\n\n<p><strong>September 2024<\/strong><\/p>\n\n\n\n<p>Friday the 13th of September @ Glenn Miller Caf\u00e9, Stockholm, Sweden @ 20.00 w Angles + Elle-Kari The death of Kalypso small ensemble.<\/p>\n\n\n\n<p>Tuesday the 10th of September @ <a href=\"https:\/\/www.riksteatern.se\/forening\/vaxjo-teaterforening\/the-death-of-kalypso\/\">V\u00e4xj\u00f6 Konserthus<\/a> @ 19.00 w The death of Kalypso Angles + Elle-Kari with strings.<\/p>\n\n\n\n<p>Monday the 9th of September @ <a href=\"https:\/\/www.kulturmejeriet.se\/program\/the-death-of-kalypso\">Kulturmejeriet<\/a>, Lund, Sweden @ 19.00 w The death of Kalypso Angles + Elle-Kari with strings. Tickets <a href=\"https:\/\/secure.tickster.com\/sv\/vk79dlyttfw5g0k\/products\">here<\/a>. Facebook <a href=\"https:\/\/www.facebook.com\/events\/836075644682914\">here<\/a>.<\/p>\n\n\n\n<p>Wednesday the 4th of September @ Glenn Miller Caf\u00e9, Stockholm, Sweden @ 20.00 w Angles The death of Kalypso small ensemble.<\/p>\n\n\n\n<p>Sunday the 1st of September @ <a href=\"https:\/\/scenkonstmuseet.se\/evenemang\/elektronmusikfestival-och-finissage\/\">Scenkonstmuseet<\/a>, Elektronmusikfestival, Stockholm, Sweden. From 11 am &#8211; 17 pm. Solo (@ 4 pm, Workshoprummet)<\/p>\n\n\n\n<p><strong>July 2024<\/strong><\/p>\n\n\n\n<p>Saturday the 6th of July @ <a href=\"https:\/\/aanipaivat.com\/\">Kiilian \u00c4\u00e4nip\u00e4iv\u00e4t Sound Art Festival<\/a>, Kiila, Finland @ 22.00 w Jakko Tolvi and Tero Kemppainen.<\/p>\n\n\n\n<p><strong>May 2024<\/strong><\/p>\n\n\n\n<p>Friday the 24th of May @ Bubblan, Fiskhamnsgatan 41 B, G\u00f6teborg, Sweden @ 20.00 in duo w P\u00e4r Th\u00f6rn.<\/p>\n\n\n\n<p>Wednesday the 22nd of May @ <a href=\"https:\/\/www.facebook.com\/LarrysCorner\">Larrys Corner<\/a>, Stockholm, Sweden @ 20.00 w Niklas Fite. Sharing the nite w Elbrus.<\/p>\n\n\n\n<p>Sunday the 12th of May @ 16.00 @ <a href=\"https:\/\/moment.org.se\/forestallningar\/the-death-of-kalypso\/\">Moment Theatre<\/a>, Gubb\u00e4ngen, Stockholm The death of Kalypso performance &#8211; last show w Angles feat Elle-Kari + strings.<\/p>\n\n\n\n<p>Saturday the 11th of May @ 19.00 @ <a href=\"https:\/\/moment.org.se\/forestallningar\/the-death-of-kalypso\/\">Moment Theatre<\/a>, Gubb\u00e4ngen, Stockholm. The death of Kalypso performance w Angles feat Elle-Kari + strings.<\/p>\n\n\n\n<p>Friday the 10th of May @ 19.00 @ <a href=\"https:\/\/moment.org.se\/forestallningar\/the-death-of-kalypso\/\">Moment Theatre<\/a>, Gubb\u00e4ngen, Stockholm. PREMIERE The death of Kalypso performance w Angles feat Elle-Kari + strings.<\/p>\n\n\n\n<p><strong>April 2024<\/strong><\/p>\n\n\n\n<p>Sunday the 28th of April @18.00 @ <a href=\"https:\/\/www.salongcentral.com\/\">Salong Central<\/a>, Gnesta, Sweden w The death of Kalypso &#8211; sextett-ensemble (Angles + Elle-Kari).<\/p>\n\n\n\n<p>Friday the 26th of April @ 19.00 @ <a href=\"https:\/\/www.facebook.com\/events\/1648326242594893\">Slow Hands Caf\u00e9<\/a>, H\u00e4gerstens\u00e5sen, Stockholm, Sweden &#8211; releaseparty for the album <a href=\"https:\/\/anglesellekari.bandcamp.com\/album\/the-death-of-kalypso\">The death of Kalypso.<\/a><\/p>\n\n\n\n<p>Tuesday the 23d of April @ 19.00 @ <a href=\"https:\/\/www.musikaliskakvarteret.se\/event?evt=4zkatb3parpuc5y&amp;cache=clear\">Musikaliska kvarteret<\/a>, Clara Schumann-salen w Angles 4 (Ingebrigt H\u00e5ker Flaten\/Kjell Nordeson\/Mattias St\u00e5hl\/Martin K\u00fcchen) + pre act Alex Zethson &#8211; piano solo.<\/p>\n\n\n\n<p><strong>March 2024<\/strong><\/p>\n\n\n\n<p>Thursday the 14th of March @ M\u00f6tesplats Maria, Stockholm, Sweden <a href=\"https:\/\/www.facebook.com\/events\/407218981765690\/?ref=newsfeed\">Thanatosis-festival<\/a> from 19.30 onwards. Solo. Other participants include Miharu Ogura, Rotem Geffen, Vasco Trilla and Zethson\/Sander. Release and screening of the the video &#8220;Kalypso in Karlsbad, haunted by dreams&#8221; by Micael de Leuuw.<\/p>\n\n\n\n<p><strong>January 2024<\/strong><\/p>\n\n\n\n<p>Tuesday the 30th of January @ Blow Out, Kafe Haerverk, Oslo, Norway @ 20.30 w Trespass trio feat Susana Santos Silva.<\/p>\n\n\n\n<p>Saturday the 20th of January @ Alvesta Jazzklubb, Alvesta, Sweden @ 20.00 w Vilhelm Bromander Unfolding Orchestra.<\/p>\n\n\n\n<p>Friday the 19th of January @ Scalateatern, Stockholm, Sweden @ 20.00 w Vilhelm Bromander Unfolding Orchestra.<\/p>\n\n\n\n<p><strong>December 2023<\/strong><\/p>\n\n\n\n<p>Monday the 4th December @ private concert @ 19.00 @ Segev\u00e5ng, Malm\u00f6, Sweden w K\u00fcchen &amp; M\u00fcntzing Scheibenhonig,<\/p>\n\n\n\n<p><strong>October 2023<\/strong><\/p>\n\n\n\n<p>Friday the 20th of October @ <a href=\"https:\/\/www.plages-magnetiques.org\/angles\/\">Atlantique Jazz Festival<\/a>, Brest, France @ 21.30 w Angles 6. Concert supported by The Swedish Arts Council.<\/p>\n\n\n\n<p>Monday the 16th of October @ Stockholm Jazz Festival\/Fasching, Sweden @ 20.00 w Vilhelm Bromander Unfolding Orchestra.<\/p>\n\n\n\n<p>Saturday the 14th of October@ <a href=\"https:\/\/www.nyaperspektiv.se\/news\/?p=4013\">Nya Perspektiv<\/a>, V\u00e4ster\u00e5s, Sweden @ 20.00 w The Croaks (Turner\/Klapper\/K\u00fcchen).<\/p>\n\n\n\n<p>Thursday the 12th of October @ Fylkingen, Stockholm, Sweden @ Thanatosis Label Night 21.00 w Angles feat Elle-Kari + strings.<\/p>\n\n\n\n<p><strong>August 2023<\/strong><\/p>\n\n\n\n<p>Friday the 25th of August @ <a href=\"https:\/\/soundinmotion.be\/concerts\/summerbummer_2023_day1\/\">Summer Bummer Festival<\/a>, Antwerp, Belgium from 17 onwards. World permiere of the concert version of the jazz opera The Death of Kalypso w Elle Kari Sander, Angles and a bunch of belgian top nothch string players led by Nils Vermeulen. The residency concert is supported by the Swedish Arts Council.<\/p>\n\n\n\n<p>Thursday the 10th of August @ <a href=\"https:\/\/www.cafeoto.co.uk\/events\/thanatosis\/\">Cafe Oto<\/a>, London, UK @ 7.30 pm &#8211; Thanatosis label night &#8211;&nbsp; solo. The concert is supported by The Swedish Arts Grants Committee.<\/p>\n\n\n\n<p><strong>May 2023<\/strong><\/p>\n\n\n\n<p>Tuesday the 23d of May @ <a href=\"https:\/\/konsertforeninga.no\/blow-out\">Blow Out<\/a>, Oslo, Norway @ 20.00 w Michaela Antalova.<\/p>\n\n\n\n<p><strong>April 2023<\/strong><\/p>\n\n\n\n<p>Tuesday the 25th of April @ Minifestival Galleri 21 @ Galleri 21, Malm\u00f6, Sweden @ 19.00 w The Stork and the Chimp duo.<\/p>\n\n\n\n<p>Saturday the 1st of April @ <a href=\"http:\/\/www.freejazzsaar.de\/pages\/programm\/details.php\">Free Jazz Saarbr\u00fccken<\/a> @ Gemeindezentrum Alte Kirche, Saarbr\u00fccken, Germany @ 19.30 w Threnody<\/p>\n\n\n\n<p><strong>March 2023<\/strong><\/p>\n\n\n\n<p>Monday the 13th of March @ KN4CK, Malm\u00f6, Sweden @ 19.00 w All Included<\/p>\n\n\n\n<p>Sunday the 12th of March @ Glenn Miller Caf\u00e9, Stockholm, Sweden @ 20.00 w All Included<\/p>\n\n\n\n<p>Saturday the 11th of March @ Kafe Haerverk\/Improverk, Oslo, Norway @ 20.30 w All Included<\/p>\n\n\n\n<p>Saturday the 4th of March @ <a href=\"https:\/\/www.desinger.be\/nl\/programma\/4-03-2023\/ocean-eddie-martin-kuechen\">De Singer<\/a>, Rijkevorsel, Belgium @ 19.30 w Ocean Eddie + solo.<\/p>\n\n\n\n<p>Wednesday the 1st of March @ <a href=\"https:\/\/www.impakt-koeln.de\/\">Impakt<\/a>, Gemeinde K\u00f6ln, Cologne, Germany @ 20.00 w Ocean Eddie.<\/p>\n\n\n\n<p><strong>February 2023<\/strong><\/p>\n\n\n\n<p>Monday the 13th of February @ Galleri 21, Malm\u00f6, Sweden @ 19.00 w Jon Lipscomb + AutoReverse.<\/p>\n\n\n\n<p>Monday the 6th of February @ Galleri Ping Pong, Malm\u00f6, Sweden @ 19.00 w The Stork &amp; The Chimp (Lindsj\u00f6\/K\u00fcchen) + Klaus Ellerhusen Holm\/Andreas Roysum duo.<\/p>\n\n\n\n<p><strong>January 2023<\/strong><\/p>\n\n\n\n<p>Friday the 13th of January @ Rosa Flamingogaraget, Malm\u00f6 @ 19.30 w Niklas Fite &#8211; guitar\/banjo and Ola Rubin &#8211; trombone.<\/p>\n\n\n\n<p><strong>December 2022<\/strong><\/p>\n\n\n\n<p>Sunday the 18th of December@ Atelier Tampon Nomade, Paris, France @ 20.00 w Sophie Agnel.<\/p>\n\n\n\n<p>Sunday the 11th of December @ Hundred Years Gallery, London, UK @ 19.00 w Steve Noble.<\/p>\n\n\n\n<p>(the two concerts part of a residency supported by The Swedish Arts Grants Committee)<\/p>\n\n\n\n<p><strong>November 2022<\/strong><\/p>\n\n\n\n<p>Thursday the 24th of November @ Cowgirl Gallery, Malm\u00f6, Sweden @ 19.30 w K\u00fcchen &amp; M\u00fcntzing Scheibenhonig.<\/p>\n\n\n\n<p>Thursday the 17th of November @ Glenn Miller Caf\u00e9, Stockholm, Sweden@ 20.00 w Anton(Jonsson)Ville(Bromander)Martin(K\u00fcchen)<\/p>\n\n\n\n<p><strong>October 2022<\/strong><\/p>\n\n\n\n<p>Saturday the 22nd of October @ Ad Libitum-festival, Warzsawa, Poland @ 19.00 w The Croaks (Klapper\/Turner\/K\u00fcchen)<\/p>\n\n\n\n<p><strong>August 2022<\/strong><\/p>\n\n\n\n<p>Saturday the 26th of August @ Summerbummer Festival, Antwerp, Belgium @ 24.00 w PRAED &#8211; plus.<\/p>\n\n\n\n<p>Saturday the 26th of August @ Summerbummer Festival, Antwerp, Belgium&nbsp; @ 18.30 w Alan Bishop, Michael Zerang and Hanne de Bakker<\/p>\n\n\n\n<p>Friday the 25th of August @ Summerbummer Festival, Antwerp, Belgium @ 22.00 w PRAED-orchestra.<\/p>\n\n\n\n<p>Friday the 19th of August @ Ponava, Brno, Czeck Republic w Martin Klapper\/Martin K\u00fcchen duo&nbsp; + with Radim Hanousek and Janem Chalupou in 4tett ad hoc @ 19.30<\/p>\n\n\n\n<p>Saturday the 6th of August @ Husmansv\u00e4gen 187, S\u00f6vestad, Sweden @ 19.00 w K\u00fcchen &amp; M\u00fcntzing Scheibenhonig bicycle tour + support.<\/p>\n\n\n\n<p>Thursday the 4th of August @ Gylleboverket, \u00d6stra Vemmerl\u00f6v, Sweden @ 20.00 w K\u00fcchen &amp; M\u00fcntzing Scheibenhonig bicycle tour.<\/p>\n\n\n\n<p>Wednesday the 3d of August @ Pr\u00e4rien, Huar\u00f6d @ 20.00 w K\u00fcchen &amp; M\u00fcntzing Scheibenhonig bicycle tour<\/p>\n\n\n\n<p>Tuesday the 2nd of August @ Sommarlund, The Botanical Garden, Lund, Sweden @ 19.00 w K\u00fcchen &amp; M\u00fcntzing Scheibenhonig bicycle tour.<\/p>\n\n\n\n<p>Monday the 1st of August @ Stor Studio, Malm\u00f6 @ 20.00 w K\u00fcchen &amp; M\u00fcntzing Scheibenhonig bicycle tour.<\/p>\n\n\n\n<p><strong>July 2022<\/strong><\/p>\n\n\n\n<p>Friday the 1st of July @ Musica Privata\/KIPISZ, Lodz, Poland @ 20.00 w bBb-duo<\/p>\n\n\n\n<p><strong>June 2022<\/strong><\/p>\n\n\n\n<p>Thursday the 30th of June @ Audio-defibrylator, Kielce, Poland @ 18.30 w bBb-duo<\/p>\n\n\n\n<p>Wednesday the 29th of June @ Baza, Krakow, Poland @ 21.00 w bBb-duo<\/p>\n\n\n\n<p>Monday the 27th of June @ WinyleFM, Szczecin, Poland @ 20.00 w bBb &#8211; duo (Ola Rubin\/Martin K\u00fcchen)<\/p>\n\n\n\n<p><strong>May 2022<\/strong><\/p>\n\n\n\n<p>Wednesday the 25th of May @ S:t Peterskyrkan, Stockholm, Sweden @ 18.30 Skaiv, Thanatosis label night &#8211; solo<\/p>\n\n\n\n<p>Thursday the 12th of May @ Galleri 21, Malm\u00f6, Sweden @ 19.30 w Nihl\u00e9n\/Kalman and bBb<\/p>\n\n\n\n<p>Tuesday the 10th of May @ Kaf\u00e9 Haerverk\/Blow Out, Oslo, Norway @ 21.00 w Trespass Trio<\/p>\n\n\n\n<p>Friday the 6th of May @ Monologue Culture Caf\u00e9, Lund, Sweden @ 21.00 w YANK (Lindsj\u00f6\/K\u00fcchen\/Rubin)<\/p>\n\n\n\n<p><strong>April 2022&nbsp;<\/strong><\/p>\n\n\n\n<p>Saturday the 23d of April @ Nya Perspektiv, V\u00e4ster\u00e5s, Sweden @ 20.00 w Eric Oscarson 4tett (Vikberg\/Berthling\/K\u00fcchen\/Oscarson)<\/p>\n\n\n\n<p>Sunday the 3d of April @ Kulturforum Villach, Austria @20.00 w Steps That Resonates (Kaucic\/Fernandez\/K\u00fcchen)<\/p>\n\n\n\n<p>Saturday the 2nd of April @ Sound Disobedience Festival 2022 @ Spanski Borci, Ljublijana, Slovenia @ 19.30 w Steps That Resonates (Kaucic\/Fernandez\/K\u00fcchen)<\/p>\n\n\n\n<p>Friday the 1st of April @ BAS, Bandhagen, Stockholm, Sweden &nbsp;&#8211; a streaming event only, a world premier w Angles 12 w guests Michaela Antalova, Susana Santos Silva and Josefin Runsteen. Special appearance: Kjell Nordensson. Thanks to Musikverket and Clean Feed Productions.<\/p>\n\n\n\n<p><strong>March 2022&nbsp;<\/strong><\/p>\n\n\n\n<p>Wednesday the 16th of March @ Almtunakyrkan, Uppsala, Sweden @ 19.00 solo<\/p>\n\n\n\n<p><strong>February 2022&nbsp;<\/strong><\/p>\n\n\n\n<p>Tuesday the 15th of February @ Klub Primi, Copenhagen @ 21.30 w Sophie Agnel<\/p>\n\n\n\n<p><strong>December 2021<\/strong><\/p>\n\n\n\n<p>Friday the 18th of December @ Thanatosis Festival Fylkingen, Stockholm @ 18.00 solo<\/p>\n\n\n\n<p><strong><br>\nNovember 2021<\/strong><\/p>\n\n\n\n<p>Thursday the 25th of November @ Galleri 21, Malm\u00f6, Sweden @ 19.00. In duo with St\u00e5le Liavik Solberg + guests Anders Lindsj\u00f6 and Ola Rubin.<\/p>\n\n\n\n<p>Wednesday the 24th of November @ Galleri 21, Malm\u00f6, Sweden @ 19.00. W Jon Lipscomb, Brandon Lopez, Ola Rubin and St\u00e5le Liavik Solberg.<\/p>\n\n\n\n<p>Tuesday the 16th of November @ Cowgirl Gallery, Malm\u00f6, Sweden @ 19.00. In duo w Anders Lindsj\u00f6.<\/p>\n\n\n\n<p>Friday the 12th of November @ <a href=\"https:\/\/rankmusik.se\/novemberfesten-rank-20-ar-12-13-nov-i-gavle\/\">Novemberfesten r 20<\/a>, G\u00e4vle, Sweden @ 18.00 w Da Schwabbers (Rubin\/Paulson\/K\u00fcchen)<\/p>\n\n\n\n<p>Wednesday the 10th of November @ <a href=\"https:\/\/padovajazz.com\/festival\/2021-11-10-angles-7\/\">Padova Jazz Festival 2021<\/a>, Italy @ 20.00 w Angles 7. The concert were recorded by Italian State Radio RAI.<\/p>\n\n\n\n<p><strong>October 2021<\/strong><\/p>\n\n\n\n<p>Thursday the 28th of October @ <a href=\"http:\/\/bjf.rs\/en\/\">Belgrade Jazz Festival<\/a>, Belgrade, Serbia @ 24.00 w Angles 8<\/p>\n\n\n\n<p>Friday the 15th of October @ <a href=\"https:\/\/jgtt.cz\/en\/\">Jazz Goes To Town Jazz Festival<\/a>, Hradec Kralove, Czeck Rep @ 17.00. In duo with Susana Santos Silva. The concert is supported by The Swedish Arts Grants Committee.<\/p>\n\n\n\n<p>Saturday the 9th of October @ Clay Ketter Atelj\u00e9, Upp\u00e5kra @ 18.00 &#8211; release party for Konvoj Records and &nbsp;w among other releases &#8220;<a href=\"https:\/\/konvojrecords.bandcamp.com\/album\/s-ng-vningar\">S\u00e5ng\u00f6vningar<\/a>&#8221; (w Anders Lindsj\u00f6) and &#8220;<a href=\"https:\/\/konvojrecords.bandcamp.com\/album\/opus-tve\">Opus Tve<\/a>&#8221; (w Mattias Risberg). Concert w Anders Lindsj\u00f6.<\/p>\n\n\n\n<p>Tuesday the 5th of October @ Klub Primi, Copenhagen, Denmark @ 22.30 <a href=\"https:\/\/www.facebook.com\/PrimiMusik\/photos\/pb.595690520872500.-2207520000..\/1288945988213613\/?type=3&amp;theater\">solo<\/a><\/p>\n\n\n\n<p><strong>September 2021<\/strong><\/p>\n\n\n\n<p>Monday the 27th of September @ Galleri Ping-Pong, Malm\u00f6, Sweden @ 19.00 Halster residency w Ola Rubin. Quartett: Ola Rubin, Ola Paulson, Marcelo Gabard Pazos and Martin K\u00fcchen<\/p>\n\n\n\n<p>Thursday the 9th of September @ <a href=\"https:\/\/www.brda.si\/tradicionalni_dogodki\/2012091215575739\/Brda%20Contemporary%20Music%20Festival\/\">Brda Contemporary Music Festival<\/a>, Goriska Brda, Slovenia w Agusti Fernandez and Zlatko Kaucic @ House of Culture @ 21.30<\/p>\n\n\n\n<p><strong>August 2021<\/strong><\/p>\n\n\n\n<p>Thursday the 5th of August in the centre of Malm\u00f6, organised street busking w Michala Ostergaard &#8211; Nielsen and Ola Rubin. From 16.30. <a href=\"https:\/\/frimsyd.se\/\">&#8220;Fria konserter i det fria, del 3.&#8221;<\/a><\/p>\n\n\n\n<p><strong>July 2021<\/strong><\/p>\n\n\n\n<p>Saturday the 17th of July @ <a href=\"https:\/\/www.jazzcerkno.si\/event\/angles-8\/?lang=en\/\">Cerkno International Jazz Festival<\/a>, Cerkno, Slovenia @ 23.00 w Angles 9<\/p>\n\n\n\n<p>Saturday the 17th of July @ <a href=\"https:\/\/www.jazzcerkno.si\/event\/martin-kuchen-samo-kutin-se-si\/?lang=en\/\">Cerkno International Jazz Festival<\/a>, Cerkno, Slovenia @ 17.30 w Samo Kutin\/Martin K\u00fcchen duo.<\/p>\n\n\n\n<p><strong>June 2021<\/strong><\/p>\n\n\n\n<p>Saturday the 5th of June @ Lokstallarna, Malm\u00f6 w <a href=\"http:\/\/frimsyd.se\/2021\/05\/halsterfest-2021\/\">Halsterfest 2021<\/a> @ 18.45 w among others Nana Pi Aabo Larsen, Adam Persson, Ola Paulson, Jon Lipscomb.<\/p>\n\n\n\n<p><strong>May 2021<\/strong><\/p>\n\n\n\n<p>Wednesday the 19th of May @ Jazz i Malm\u00f6, Inkonst, Malm\u00f6, Sweden @ 20.00 w Angles 9. Link to concert <a href=\"https:\/\/www.facebook.com\/jazzimalmo\/videos\/we-are-in-heaven-tack-angles-9-ikv%C3%A4ll-en-8a-f%C3%B6r-en-magisk-och-stor-musik-uppleve\/983136895854550\/\">here<\/a><\/p>\n\n\n\n<p><strong>April 2021<\/strong><\/p>\n\n\n\n<p>Wednesday the 21st of April @ Fasching, Stockholm, Sweden @ 20.00 w Angles 9. Link to concert <a href=\"https:\/\/sv-se.facebook.com\/jazzclubfasching\/videos\/214-fasching-livestream-angles-9\/472441680639909\/?extid=SEO----\">here<\/a><\/p>\n\n\n\n<p><strong>March 2021<\/strong><\/p>\n\n\n\n<p>Wednesday the 31st of March @ Glenn Miller Caf\u00e9, Stockholm, Sweden @ 18.00 &#8211; w Johan Graden, piano and Konrad Agnas, drums<\/p>\n\n\n\n<p>Thursday the 11th of March @ Glenn Miller Caf\u00e9, Stockholm, Sweden @ 18.00 &#8211; w Vilhelm Bromander, double bass and Anton Jonsson, drums<\/p>\n\n\n\n<p>Tuesday the 9th of March @ Br\u00f6tz, Gothenburg, Sweden. Recorded without audience. Released on <a href=\"https:\/\/www.youtube.com\/watch?v=XnevKjLWDug&amp;t=6s\"><strong>utub<\/strong><\/a> the 17th of March &#8211; w Vilhelm Bromander, double bass and Anton Jonsson, drums.<\/p>\n\n\n\n<p><strong>February 2021<\/strong><\/p>\n\n\n\n<p>Sunday the 7th of February @ Galleri Ping-Pong, Malm\u00f6, Sweden @ 16 @ 17 and @ 18. Three concerts w K\u00fcchen &amp; M\u00fcntzing Scheibenhonig. Special live edition &#8211; &nbsp;special conditions &#8211; but live.<\/p>\n\n\n\n<p><strong>December 2020<\/strong><\/p>\n\n\n\n<p>Wednesday the 16th of December @ Fasching, Stockholm w Angles 9 POSTPONED<\/p>\n\n\n\n<p><strong>November 2020<\/strong><\/p>\n\n\n\n<p>Saturday the 21st of November @ Kapellet, Stockholm, Sweden @ 16.00 Double release concert. Det F\u00f6rsvunnas Namn &#8211; release. Martin K\u00fcchen &#8211; solo Christer Bothen &#8211; solo CANCELLED<\/p>\n\n\n\n<p>Friday the 20th of November @ Victoria, Jazz i Malm\u00f6, Sweden @ 19.00 &#8211; recorded live concert w BbB &#8211; duo (Rubin\/K\u00fcchen)<\/p>\n\n\n\n<p>Monday the 16th of November @ Padua Jazz Festival, Italy w Angles 6 CANCELLED<\/p>\n\n\n\n<p>Saturday the 14th of November @ Musik &#8211; M\u00f6ten &#8211; Mystik, Omnikvariatet, Uppsala, Sweden @ 18.00 w KR\u00d6S! (w Mattias Risberg and Ricard \u00d6sterstam) CANCELLED<\/p>\n\n\n\n<p>Monday the 9th of November @ Sk\u00f6vde Konsthall, Sk\u00f6vde, Sweden @ 12.00, 14.00 and 16.00. Solo w artist Africa Coll live art CANCELLED<\/p>\n\n\n\n<p><strong>October 2020<\/strong><\/p>\n\n\n\n<p>Saturday the 10th of October&nbsp;@ <a href=\"http:\/\/gerlesborgsskolan.se\/konsert-antalovakuchen\/\">Gerlesborgsskolan<\/a>, Hamburgsund, Sweden @ 19.30 Duo Antalova\/K\u00fcchen.<\/p>\n\n\n\n<p>Friday the 9th of October @ Jazz Goes to Town Festival, Hradec Kralowe, Czeck Rep. Duo Antalova\/K\u00fcchen. &nbsp;CANCELLED.<\/p>\n\n\n\n<p>Wednesday the 7th of October @ <a href=\"https:\/\/www.facebook.com\/events\/3489546264402176\/\">The Golden Gator Jazz Club<\/a>, Malm\u00f6, Sweden @ 19.30 Martin K\u00fcchen &amp; Landaeus Trio. Releasegig.<\/p>\n\n\n\n<p>Monday the 5th of October @ Galleri Ping-Pong, Malm\u00f6, Sweden @ 19.00 w J C Morrisson Dux-ensemble<\/p>\n\n\n\n<p><strong>June 2020<\/strong><\/p>\n\n\n\n<p>Concert\/tour in Canada (Vancouver International Jazz Festival) and in the US w Torsten M\u00fcller a.o <strong>CANCELLED<\/strong><\/p>\n\n\n\n<p>Wednesday the 10th of June<\/p>\n\n\n\n<p>@ Glenn Miller Caf\u00e9, Stockholm, Sweden<\/p>\n\n\n\n<p>@ 20.00<\/p>\n\n\n\n<p>w Leo Svensson &#8211; Sander, Alexander Zethson and Konrad Agnas<\/p>\n\n\n\n<p><strong>May 2020<\/strong><\/p>\n\n\n\n<p>Concerts\/tours w Torsten M\u00fcller in Germany, Denmark, Sweden and with Angles 9 in Slovenia, Sweden <strong>CANCELLED<\/strong><\/p>\n\n\n\n<p>Tuesday the 14th of May<\/p>\n\n\n\n<p>@ Skissernas Museum, Lund, Sweden<\/p>\n\n\n\n<p>@ 20.00<\/p>\n\n\n\n<p>Streaming concert w Landaeus Trio. Produced by STIM and Skissernas Museum.<\/p>\n\n\n\n<p><strong>April 2020<\/strong><\/p>\n\n\n\n<p>Concerts in Portugal and Poland w Angles 9 Dance! Project <strong>CANCELLED<\/strong><\/p>\n\n\n\n<p>Friday the 24th of April@<\/p>\n\n\n\n<p>My home, Lund, Sweden<\/p>\n\n\n\n<p>@ 20.00 Streaming solo concert. Film &amp; Audio by Ola Rubin. Produced by KAAP, Brugges, Belgium.<\/p>\n\n\n\n<p><strong>March 2020<\/strong><\/p>\n\n\n\n<p>Saturday the 21st of March<\/p>\n\n\n\n<p>@ Klosterkyrkan, Lund, Sweden<\/p>\n\n\n\n<p>@ Helgm\u00e5lsringning 18.00<\/p>\n\n\n\n<p>solo<\/p>\n\n\n\n<p>Wednesday the 11th of March<\/p>\n\n\n\n<p>@ Folkan, Gothenburg, Sweden<\/p>\n\n\n\n<p>Threnody (Berthling\/K\u00fcchen\/Noble) <strong>CANCELLED<\/strong><\/p>\n\n\n\n<p>Tuesday the 10th of March<\/p>\n\n\n\n<p>@ Blow Out, Oslo, Norway<\/p>\n\n\n\n<p>@ 20.30<\/p>\n\n\n\n<p>Threnody( Berthling\/K\u00fcchen\/Noble)<\/p>\n\n\n\n<p><strong>January 2020<\/strong><\/p>\n\n\n\n<p>Tuesday the 21st of January<br>\n@ <a href=\"https:\/\/www.facebook.com\/events\/klub-primi\/grelingercorsini-k%C3%BCchendraksler%C3%B8yunn-tellerlyregaard\/1221215294735359\/\">Klub Primi<\/a>, Copenhagen, Denmark<br>\n@ 21.30<br>\nw Kajsa Draksler, Siv Oyunn Kjenstad<\/p>\n\n\n\n<p>Saturday the 18th of January<br>\n@ <a href=\"https:\/\/www.facebook.com\/events\/701484493710689\/\">Duende Jazz Bar<\/a>, Thessaloniki, Greece<br>\n@ 21.30<br>\nw Angles 9<\/p>\n\n\n\n<p>Friday the 17th of January<br>\n@ <a href=\"https:\/\/www.facebook.com\/events\/underflow-record-store-art-gallery\/angles-9-live-at-underflow\/482884779227902\/\">Underflow<\/a>, Athens, Greece<br>\n@ 21.00<br>\nw Angles 9<\/p>\n\n\n\n<p>Thursday the 16th of January<br>\n@ 77 portrait, Athens, Greece<br>\n@ 21.00<br>\nsolo<\/p>\n\n\n\n<p><strong>December 2019<\/strong><\/p>\n\n\n\n<p>Thursday the 12th of December<br>\n@ <a href=\"https:\/\/www.facebook.com\/events\/730270084136107\/\">Fylkingen<\/a>, Stockholm, Sweden<br>\n@ 19.00<br>\nduo w Dirar Kalash<br>\na.o<\/p>\n\n\n\n<p><strong>November 2019<\/strong><\/p>\n\n\n\n<p>Sunday the 23d of November<br>\n@ Molekyl Gallery, Malm\u00f6, Sweden<br>\n@ 16.00<br>\nw K\u00fcchen &amp; M\u00fcntzing Scheibenhonig<\/p>\n\n\n\n<p><strong>October 2019<\/strong><\/p>\n\n\n\n<p>Friday the 25th of October<br>\n@ <a href=\"https:\/\/www.festivaljazzinternationalnijmegen.nl\/artiest\/angles9\/\">Nijmegen International Jazz Festival,<\/a> Nijmegen, The Netherlands<br>\n@ 21.45<br>\nw Angles 8<\/p>\n\n\n\n<p>Tuesday the 15th of October<br>\n@ Galleri 21, Malm\u00f6, Sweden<br>\n@ 19.00<br>\nw Pontus H\u00e4ggblom and Johan Lundberg<\/p>\n\n\n\n<p>Monday the 14th of October<br>\n@ Mandagsklubben 5 E, Copenhagen, Denmark<br>\n@ 21.00<br>\nw K\u00fcchen &amp; M\u00fcntzing Scheibenhonig<\/p>\n\n\n\n<p><strong>September 2019<\/strong><\/p>\n\n\n\n<p>Monday the 23d of September<br>\n@ <a href=\"https:\/\/www.sploh.si\/si\/o-zavodu-sploh\/kje-sploh\/433\">Impronedeljek<\/a>, Zagreb, Croatia<br>\n@ 20.00<br>\nw K\u00fcchen Grom trio (w Tomaz Grom)<\/p>\n\n\n\n<p>Sunday the 22nd of September<br>\n@ <a href=\"https:\/\/www.sploh.si\/si\/o-zavodu-sploh\/kje-sploh\/432\">Dobbia Lab<\/a>, Staranzano, Italy<br>\n@ 20.00<br>\nw K\u00fcchen Grom trion (w Tomaz Grom)<\/p>\n\n\n\n<p>Saturday the 21st of September<br>\n@ Bucno 10 &#8211; festival, Bucno, Slovenia<br>\n@ 18.00 onwards<br>\nw K\u00fcchen Grom trio (w Tomaz Grom)<\/p>\n\n\n\n<p>Friday the 20th of September<br>\n@ <a href=\"https:\/\/www.sploh.si\/si\/glasba\/cikli\/confine-aperto\/429\">Confine Aperto<\/a>, Skuc, Ljubljana, Slovenia<br>\n@ 20.00<br>\nw Samo Kutin<\/p>\n\n\n\n<p>Thursday the 19th of September<br>\n@ Hostel, Bistrica ob Sotli, Slovenia<br>\n@ 19.00<br>\nw Samo Kutin<\/p>\n\n\n\n<p>Tuesday the 11th of September<br>\n@ Antikvariat Anti, Drottninggatan 6 c, Malm\u00f6, Sweden<br>\n@ 19.00<br>\nw Cole Schmidt (CAN), Anders Uddeskog, Anders Lindsj\u00f6<\/p>\n\n\n\n<p>Saturday the 7th of September<br>\n@ Glenn Miller Cafe, Stockholm, Sweden<br>\n@ 20.30<br>\nw Angles 5 (Zethson, St\u00e5hl, Bergman, Werliin, K\u00fcchen)<\/p>\n\n\n\n<p><strong>August 2019<\/strong><\/p>\n\n\n\n<p>Tuesday the 27th of August<br>\n@ Patons Malmg\u00e5rd, Stockholm, Sweden<br>\n@ 20.00<br>\nw Angles 4 (Nordeson, Zetterberg, St\u00e5hl, K\u00fcchen)<\/p>\n\n\n\n<p>Wednesday the 14th of August<br>\n@ <a href=\"https:\/\/www.facebook.com\/events\/deichman-gr%C3%BCnerl%C3%B8kka\/blow-out-festival-2019\/588018631696488\/\">Blow Out Festival<\/a>, Deichmanska Bibliotek, Oslo, Norway<br>\n@ 20.50<br>\nsolo<\/p>\n\n\n\n<p>Tuesday the 13th of August<br>\n@ <a href=\"http:\/\/www.gutvik.com\/ukentlig\/index2019_3.html\">Gutvik Ukentlig<\/a>, Kulturhuset, Oslo, Norway<br>\n@ 20.00<br>\ni trio med Kari R\u00f6nnekleiv och Ole-Henrik Moe<\/p>\n\n\n\n<p><strong>July 2019<\/strong><\/p>\n\n\n\n<p>Wednesday the 10th of July<br>\n@ <a href=\"https:\/\/www.facebook.com\/events\/407133306590550\/\">Fresh Sounds<\/a>, Charlies Bar, Kristiansand, Norway<br>\n@ 20.00<br>\nduo with Michaela Antalova<\/p>\n\n\n\n<p><strong>June 2019<\/strong><\/p>\n\n\n\n<p>Friday the 14th of June<br>\n@ Glenn Miller cafe, Stockholm, Sweden<br>\n@ 20.00<br>\ntrio w Mattias Risberg and Ricard \u00d6sterstam<\/p>\n\n\n\n<p><strong>May 2019<\/strong><\/p>\n\n\n\n<p>Wednesday the 29th of May<br>\n@ Glenn Miller Caf\u00e9, Stockholm, Sweden<br>\n@ 20.00<br>\nw Mattias St\u00e5hl, Patric Thorman, Magnus Vikberg<\/p>\n\n\n\n<p>Wednesday the 22nd of May<br>\n@ Under Font\u00e4nen, Kulturhuset, Stockholm, Sweden<br>\n@ 20.00<br>\nw Angles 9<\/p>\n\n\n\n<p>Tuesday the 7th of May<br>\n@ Blow Out, Kafe Haerverk, Oslo, Norway<br>\n@ 21.00<br>\nw Tatakai trio<\/p>\n\n\n\n<p><strong>April 2019<\/strong><\/p>\n\n\n\n<p>Monday the 22nd of April<br>\n@ Mandagsklubben 5 E, Copenhagen, Denmark<br>\n@ 20.00<br>\nw Kresten Osgood, Sture Ericson and Niklas Fite<\/p>\n\n\n\n<p>Thursday the 18th of April<br>\n@ Petersburg Artspace, Berlin &#8211; Kreuzberg, Germany<br>\n@ 19.00<br>\nw Mazen Kerbaj, Raed Yassin and Joel Grip<\/p>\n\n\n\n<p>Wednesday the 17th of April<br>\n@ Menschenformen, e. V., Manteuffelstrasse 20, Berlin &#8211; Kreuzberg, Germany<br>\n@ 20.00<br>\nsolo<\/p>\n\n\n\n<p>Tuesday the 16th of April<br>\n@ Das Umlaut Seminar, Menschenformen, e.V. Berlin &#8211; Kreuzberg, Germany<br>\nworkshop led by Martin K\u00fcchen @ 13 &#8211; 15<\/p>\n\n\n\n<p>Monday the 15th of April<br>\n@ Klub Demboh, Petersburg Art Space, Berlin &#8211; Kreuzberg, Germany<br>\n@ 20.00<br>\nw Joel Grip a. o.<\/p>\n\n\n\n<p>Thursday the 4th of April<br>\n@ Galleri 21, Malm\u00f6, Sweden<br>\n@ 20.00<br>\nw LazyRudeMonk (Rubin\/Schyman\/Uddeskog\/K\u00fcchen)<\/p>\n\n\n\n<p><strong>March 2019<\/strong><\/p>\n\n\n\n<p>Friday the 29th of March<br>\n@ Galleri Ping-Pong, Malm\u00f6, Sweden<br>\n@ 19.00<br>\nThe Stork &amp; the Chimp duo + Miman<\/p>\n\n\n\n<p>Thursday the 14th of March<br>\n@ <a href=\"https:\/\/www.facebook.com\/events\/291394584818693\/\">Gula Studion<\/a>, Malm\u00f6, Sweden<br>\n@ 19.00<br>\nw Landaeus trio. Concert recording.<\/p>\n\n\n\n<p>Monday the 11th of March<br>\n@ Mondagsklubben at 5 E, Copenhagen, Denmark<br>\n@ 20.00<br>\nw LazyRudeMonk (Rubin, Schyman, Uddeskog, K\u00fcchen)<\/p>\n\n\n\n<p><strong>January 2019<\/strong><\/p>\n\n\n\n<p>Wednesday the 23d of January<br>\n@ <a href=\"https:\/\/www.facebook.com\/events\/1984301954980673\/?notif_t=plan_user_invited&amp;notif_id=1548121464682231\"><strong>China Cloud Studios<\/strong><\/a>, Vancouver, Canada<br>\n@ 21.30<br>\nw Colin Cowan, Cole Schmidt, Jeremy Page, Daniel Gaucher, Mili Hong, Elisa Thorn, Eli Davidovici<\/p>\n\n\n\n<p>Saturday the 19th of January<br>\n@ <a href=\"ttps:\/\/www.facebook.com\/events\/335108780674220\/?ti=icl\">8East<\/a>, Vancouver, Canada<br>\n@ 8 pm<br>\nw Kenton Loewen, Torsten M\u00fcller, J P Carter, Karlis Silins<\/p>\n\n\n\n<p>Saturday the 12th of January<br>\n@ <a href=\"https:\/\/www.facebook.com\/events\/598827567240125\/?active_tab=about\">8East<\/a>, Vancouver, Canada<br>\n@ 8 pm<br>\nad hoc meeting w John Gross, Lisa Cay Miller, Torsten M\u00fcller, J P Carter, Peggy Lee, Dylan van der Schyff and Kenton Loewen<\/p>\n\n\n\n<p><strong>December 2018<\/strong><\/p>\n\n\n\n<p>Saturday the 8th of December<br>\n@ Musica Privata, Lodz, Poland<br>\n@ 19.00<br>\nw Nobject + other musicians<\/p>\n\n\n\n<p>Friday the 7th of December<br>\n@ Musica Privata, Lodz, Poland<br>\n@ 19.00<br>\nw Nobject<\/p>\n\n\n\n<p>Thursday the 6th of December<br>\n@ Magnetoffon, Gorzow Vielkopolski, Poland<br>\n@ 20.00<br>\nw Nobject<\/p>\n\n\n\n<p>Wednesday the 5th of December<br>\n@ Dragon Klub, Poznan, Poland<br>\n@ 20.00<br>\nw Nobject<\/p>\n\n\n\n<p>Tuesday the 4th of December<br>\n@ Baza, Krakow, Poland<br>\n@ 20.30<br>\nw <a href=\"https:\/\/www.facebook.com\/Nobject-334789103714340\/?modal=admin_todo_tour\"><strong>Nobject<\/strong><\/a><\/p>\n\n\n\n<p><strong>November 2018<\/strong><\/p>\n\n\n\n<p>Friday the 9th of November 2018<br>\n@ <a href=\"https:\/\/www.facebook.com\/events\/2169298976428094\/\"><strong>&#8220;Musik, m\u00f6ten, mystik&#8221;<\/strong><\/a> &#8211; Omnikvariatet, Uppsala, Sweden<br>\n@ 19.00<br>\nsolo<\/p>\n\n\n\n<p>Saturday the 3d of November<br>\n@ Calligraphy square, Sharjah, UAE<br>\n@ 20.00<br>\nw PRAED &#8211; Orchestra<\/p>\n\n\n\n<p><strong>October 2018<\/strong><\/p>\n\n\n\n<p>Sunday the 21st of October<br>\n@ Allmogen, Malm\u00f6, Sweden<br>\n@ 17.00<br>\nw All Included<\/p>\n\n\n\n<p>Saturday the 20th of October<br>\n@ <a href=\"https:\/\/en.kjj-festiwal.pl\/program\/included-mcphee-edwards-kugel\/\"><strong>KJJ<\/strong><\/a> &#8211; Krakow Jazz Autumn Festival, Krakow, Poland<br>\n@ 20.00<br>\nw All Included<\/p>\n\n\n\n<p>Friday the 19th of October<br>\n@ Haerverk, Oslo, Norway<br>\n@ 21.00<br>\nw All Included<\/p>\n\n\n\n<p>Thursday the 18th of October<br>\nInder\u00f6j Jazzforum, Inder\u00f6ja, Norway<br>\n@ 19.30<br>\nw All Included<\/p>\n\n\n\n<p>Wednesday the 17th of October<br>\n@ Verkstedshallen\/ Lobbyen, Trondheim, Norway<br>\n@ 20.00<br>\nw All Included<\/p>\n\n\n\n<p>Tuesday the 2nd of October<br>\n@ Sinagoga Sion, Oradea, Romania<br>\n@ 20.00<br>\nw Trespass Trio<\/p>\n\n\n\n<p>Monday the 1st of October<br>\n@ Memorialul Victimelor Comunismului si Rezistentei, Sighet Marmatiel, Romania<br>\n@ 19.00<br>\nw Trespass trio<\/p>\n\n\n\n<p><strong>September 2018<\/strong><\/p>\n\n\n\n<p>Sunday the 30th of September<br>\n@ Ateneul Roman, Bucharest, Romania<br>\n@ 16.30<br>\nw Trespass Trio + poet<\/p>\n\n\n\n<p>Saturday the 29th of September<br>\n@ Centrul Cultural Mioveni, Mioveni, Romania<br>\n@ 19.00<br>\nw Trespass Trio<\/p>\n\n\n\n<p>Friday the 28th of September<br>\n@ Filarmonica Pitesti, Pitesti, Romania<br>\n@ 19.00<br>\nw Trespass Trio + poet<\/p>\n\n\n\n<p>Wednesday the 26th of September<br>\n@ Sambata Sonora,Teatrul Apollo, Bucharest, Romania<br>\n@ 20.00<br>\nw Trespass Trio (solos only)<\/p>\n\n\n\n<p>Monday the 10th of September<br>\n@ Big Apple, Kobe, Japan<br>\n@ 20.00<br>\nw Trespass Trio<\/p>\n\n\n\n<p>Sunday the 9th of September<br>\n@ Environment Og, Osaka, Japan<br>\n@ 19.30<br>\nw Trespass Trio<\/p>\n\n\n\n<p>Saturday the 8th of September<br>\n@ Lifetime, Miyazaki, Japan<br>\n@ 20.00<br>\nw Trespass Trio<\/p>\n\n\n\n<p>Friday the 7th of September<br>\n@ At Hall, Oita, Japan<br>\n@ 19.30<br>\nw Trespass Trio<\/p>\n\n\n\n<p>Thursday the 6th of September<br>\n@ New Combo, Fukuoka, Japan<br>\n@ 19.30<br>\nw Trespass Trio<\/p>\n\n\n\n<p>Wednesday the 5th of September<br>\n@ Super Deluxe, Tokyo, Japan<br>\n@ 20.00<br>\nw Trespass Trio<\/p>\n\n\n\n<p><strong>August 2018<\/strong><\/p>\n\n\n\n<p>Saturday the 25th of August<br>\n@ Zomer Jazz Fiets Tour, Feerwerd, Groningen, The Netherlands<br>\n@ 12.30 and 18.30 and 19.45 ( recorded live for forthcoming release)<br>\nw Angles 9<\/p>\n\n\n\n<p>Friday the 24th of August<br>\n@ Zomer Jazz Fiets Tour, Prolog nite, @ Simplon, Groningen, The Netherlands<br>\n@ 20.30<br>\nw Angles 9<\/p>\n\n\n\n<p>Friday the 17th of August<br>\n@ Blow Out Festival, Oslo, Norway<br>\n@ 22.00<br>\nw Trespass Trio w Susana Santos Silva<\/p>\n\n\n\n<p><strong>July 2018<\/strong><\/p>\n\n\n\n<p>Friday the 27th of July<br>\n@ Antikvariat Hund\u00f6rat, Borrby<br>\n@ 18.00 Garden event<br>\nw Mathias Landaeus<\/p>\n\n\n\n<p>Friday the 13th of July<br>\n@ Garaget, Hammenh\u00f6g, Sweden<br>\n@ 19.00<br>\nw ATCHO<\/p>\n\n\n\n<p>Sunday the 1st of July<br>\n@ <a href=\"https:\/\/www.coastaljazz.ca\/event\/angles-7\/\"><strong>Vancouver International Jazz and Blues Festival<\/strong><\/a>, Vancouver, Canada<br>\n@ 15.30 @ David Lam Park, Vancouver<br>\nw Angles 7<\/p>\n\n\n\n<p><strong>June 2018<\/strong><\/p>\n\n\n\n<p>Thursday the 28th of June<br>\n@ <a href=\"https:\/\/ottawajazzfestival.com\/artists\/angles-7\/\"><strong>Ottawa Jazz festival<\/strong><\/a>, Ottawa, Canada<br>\n@ 20.00 @ National Arts Center<br>\nw Angles 7<\/p>\n\n\n\n<p>Friday the 22nd of June<br>\n@ <a href=\"http:\/\/groundmusicfestival.com\/the-angles-9-swe\/\"><strong>Ground Music Festival<\/strong><\/a>, Brescia, Italy<br>\n@ 21.30<br>\nw Angles 9<\/p>\n\n\n\n<p>Sunday the 3d of June<br>\n@ studio Allmogen, Malm\u00f6, Sweden<br>\n@ 18.30<br>\nw Tatakai trio &#8211; release concert + N\u00e4stesj\u00f6\/Paulson duo<\/p>\n\n\n\n<p><strong>May 2018<\/strong><\/p>\n\n\n\n<p>Saturday the 26th of May<br>\n@ <a href=\"https:\/\/www.nattjazz.no\/artister\/angels9?Lang=Eng\"><strong>Nattjazz<\/strong><\/a>, Bergen, Norway<br>\n@ 23.00<br>\nw Angles 9<\/p>\n\n\n\n<p>Wednesday the 16th of May<br>\n@ Galeria I, Krakow, Poland<br>\n@ 20.00<br>\nw Dymny, Trilla. Special guest: Paulina Owczarek<\/p>\n\n\n\n<p>Tuesday the 15th of May<br>\n@ Baza, Krakow, Poland<br>\n@ 20.00<br>\nw Trilla, Mazur, K\u00fcchen<\/p>\n\n\n\n<p>Monday the 14th of May<br>\n@ Przestrzen, Lublin, Poland<br>\n@ 21.00<br>\nw Trilla, Mazur, K\u00fcchen<\/p>\n\n\n\n<p>Sunday the 13th of May<br>\n@ Format, Lodz, Poland<br>\n@ 20.30<br>\nw Trilla, Mazur, K\u00fcchen<\/p>\n\n\n\n<p>Saturday the 12th of May<br>\n@ OPT, Wroclaw (Breslau)<br>\n@ 21.00<br>\nw Trilla, Mazur, K\u00fcchen<\/p>\n\n\n\n<p>Friday the 11th of May<br>\n@ Pjektka Club, Ostrawa, Czeck republic<br>\n@ 21.00<br>\nw Trilla, Mazur, K\u00fcchen<\/p>\n\n\n\n<p>Thursday the 10th of May<br>\n@ Divadlo 29, Pardubice, Czeck republic<br>\n@ 21.00<br>\nw Trilla, Mazur, K\u00fcchen<\/p>\n\n\n\n<p>Friday the 4th of May<br>\n@ &#8220;Multiphonis special edition&#8221;, <a href=\"http:\/\/vamh.de\/index.php?gig=3536\"><strong>Verband f\u00fcr Aktuelle Musik<\/strong><\/a>, VAMH, Hamburg, Germany<br>\n@ 20.30<br>\nin trio w John Hughes and Chad Popple<\/p>\n\n\n\n<p><strong>April 2018<\/strong><\/p>\n\n\n\n<p>Friday the 27th of April<br>\n@ Castelo de Vide, Portugal<br>\noutdoor concert<br>\nw Angles 3<\/p>\n\n\n\n<p>Thursday the 26th of April<br>\n@ <a href=\"https:\/\/caeportalegre.wixsite.com\/portalegrejazzfest\/angles-3\"><strong>Portalegre Jazzfest 2018<\/strong><\/a>, Portalegre, Portugal<br>\n@ 21.30<br>\nw Angles 3<\/p>\n\n\n\n<p>Tuesday the 24th of April<br>\n@ Blow-Out, Oslo, Norway<br>\n@ 21.00<br>\nw ThE cROakS (Turner\/Klapper\/K\u00fcchen)<\/p>\n\n\n\n<p>Thursday the 19th of April<br>\n@ <a href=\"https:\/\/www.jazzivaxjo.se\/trespasstrio-mathiaslandeus-19april\"><strong>Caf\u00e9 De Luxe<\/strong><\/a>, V\u00e4xj\u00f6 Jazzklubb, V\u00e4xj\u00f6, Sweden<br>\n@ 19.00<br>\nw Trespass trio w Mathias Landaeus<\/p>\n\n\n\n<p>Wednesday the 18th of April<br>\n@ <a href=\"http:\/\/undergroundlund.se\/\"><strong>Klubb Underground<\/strong><\/a>, Mejeriet, Lund, Sweden<br>\n@ 20.00<br>\nw Trespass trio w Mathias Landaeus<\/p>\n\n\n\n<p>Tuesday the 17th of April<br>\n@ <a href=\"http:\/\/fylkingen.se\/node\/2435\"><strong>KROCH # 11<\/strong><\/a>, Fylkingen, Stockholm, Sweden<br>\n@ 19.00<br>\nw ThE cROakS (Turner\/Klapper\/K\u00fcchen)<\/p>\n\n\n\n<p>Monday 9th of April<br>\n@ <a href=\"https:\/\/mandagsklubben.org\/\"><strong>Mandagsklubben 5 E<\/strong><\/a>, Copenhagen, Denmark<br>\n@ 20.00<br>\nw The Leftovers (\u00d6stvang\/K\u00fcchen duo)<\/p>\n\n\n\n<p>Friday the 6th of April<br>\n@ <a href=\"http:\/\/inkonst.com\/event\/malmo-jazzmanifest\/\"><strong>Malm\u00f6 Jazzmanifest<\/strong><\/a>, Inkonst, Malm\u00f6, Sweden<br>\n@ 20.45<br>\nw Varf\u00f6r:D\u00e4rf\u00f6r(Cantillo\/Schyman\/K\u00fcchen)<\/p>\n\n\n\n<p>Wednesday the 4th of April<br>\n@ Glenn Miller Cafe, Stockholm, Sweden<br>\n@ 20.00<br>\nw Graden\/Zetterberg\/\u00c4leklint\/\u00d6stvang\/K\u00fcchen<\/p>\n\n\n\n<p><strong>March 2018<\/strong><\/p>\n\n\n\n<p>Monday the 26th of March<br>\n@ 5 E Mandagsklubben, Copenhagen, Denmark<br>\n@23.00<br>\nw The Stork &amp; the Chimp (Lindsj\u00f6\/K\u00fcchen)<\/p>\n\n\n\n<p>Friday the 23d of March<br>\n@ 21.00<br>\n@ <a href=\"http:\/\/www.sploh.si\/program2018.html\"><strong>Sound disobedience 2018<\/strong><\/a>, Spanski Borci, Ljublijana, Slovenia<br>\nsolo<\/p>\n\n\n\n<p>Saturday the 3d of March<br>\n@ <a href=\"https:\/\/www.facebook.com\/events\/217825965446857\/\">Galleri Ping-Pong<\/a>, Malm\u00f6, Sweden<br>\n@ 19.30<br>\nin duo w Michaela Antalov\u00e1 + N\u00e4stesj\u00f6\/Thuy duo + Ola Rubin solo<\/p>\n\n\n\n<p><strong>February 2018<\/strong><\/p>\n\n\n\n<p>Wednesday the 28th of February<br>\n@ Garaget Sofielund, Malm\u00f6, Sweden<br>\n@ 12.00<br>\nw ATCHO (Bertels\/Silva\/Schyman\/Cantillo\/K\u00fcchen)<\/p>\n\n\n\n<p>Tuesday the 27th of February<br>\n@ Victoriateatern, <a href=\"http:\/\/jazzimalmo.com\/wp\/2018\/02\/atcho\/#.WpQcPyPhDLY\">Jazz i Malm\u00f6<\/a>, Malm\u00f6, Sweden<br>\n@ 19.00<br>\nw ATCHO (Bertels\/Silva\/Schyman\/Cantillo\/K\u00fcchen)<\/p>\n\n\n\n<p>Sunday the 25th of February<br>\n@ Lunds Domkyrka, Lund, Sweden<br>\n@ 19.00<br>\nsolo<\/p>\n\n\n\n<p>Thursday the 15th of February<br>\n@ Glenn Miller Cafe, Stockholm, Sweden<br>\n@ 20.00<br>\nw Martin K\u00fcchen &amp; Landaeus trio<\/p>\n\n\n\n<p>Wednesday the 14th of February<br>\n@ Glenn Miller cafe, Stockholm, Sweden<br>\n@ 20.00<br>\nw Martin K\u00fcchen &amp; Landaeus trio<\/p>\n\n\n\n<p><strong>January 2018<\/strong><\/p>\n\n\n\n<p>Saturday the 20th of January<br>\n@ Glenn Miller Cafe, Stockholm, Sweden<br>\n@ 20.30<br>\nw Threnody at the gates trio (Noble\/Berthling\/K\u00fcchen)<\/p>\n\n\n\n<p><strong>December 2017<\/strong><\/p>\n\n\n\n<p>Thursday the 7th of December<br>\n@ Glenn Miller Cafe, Stockholm, Sweden<br>\n@ 20.00<br>\nw Angles 7<\/p>\n\n\n\n<p><strong>November 2017<\/strong><\/p>\n\n\n\n<p>Saturday the 25th of November<br>\n@ Deichmanske Bibliotek, Gr\u0102\u013dnerlokka, Oslo, Norway<br>\n@ 20.00<br>\nw All Included<\/p>\n\n\n\n<p>Friday the 24th of November<br>\n@ <a target=\"\" rel=\"noopener noreferrer\"><strong>Desinger<\/strong><\/a>, Rijkvorsel, Belgium<br>\n@ 20.00<br>\nw All Included<\/p>\n\n\n\n<p>Thursday the 23d of November<br>\n@ Spriten Kunsthall, Skien, Norway<br>\n@ 20.00<br>\nw All Included<\/p>\n\n\n\n<p>Tuesday the 21st of November<br>\n@ <a><strong>Blow Out<\/strong><\/a>, Cafe Mir, Oslo, Norway<br>\n@ 21.00<br>\nw Trespass Trio<\/p>\n\n\n\n<p>Saturday the 18th of November<br>\n@ Stund festival, Simrishamn, Sweden<br>\n@ 12 &#8211; 24<br>\none of 60 participants<\/p>\n\n\n\n<p>Friday the 10th of November<br>\n@<a target=\"\" rel=\"noopener noreferrer\"><strong> Brand!festival<\/strong><\/a>, Mechelen, Belgium<br>\n@ 22.00<br>\nw Angles 7<\/p>\n\n\n\n<p><strong>October 2017<\/strong><\/p>\n\n\n\n<p>Monday the 30th of October<br>\n@ <strong><a target=\"\" rel=\"noopener noreferrer\">Dokkhuset<\/a><\/strong>, Trondheim, Norway<br>\n@ 20.00<br>\nw Trespass trio<\/p>\n\n\n\n<p>Saturday the 14th of October<br>\n@ <strong><a target=\"\" rel=\"noopener noreferrer\">Jazz Goes To Town festival<\/a><\/strong>, Hradec Kralove, Czeck republic<br>\n@ 20.30<br>\nw Angles 7<\/p>\n\n\n\n<p>Friday the 13th of October<br>\n@ Eatart, Banyoles, Spain<br>\nw Phicus<\/p>\n\n\n\n<p>Thursday the 12th o October<br>\n@ Juan Sebastian Bar, Huesca, Spain<br>\nw Phicus<\/p>\n\n\n\n<p>Tuesday the 10th of October<br>\n@ Tepekale, L\u00c2\u00b4hospitalet Llobregat, Spain<br>\nsolo<\/p>\n\n\n\n<p>Monday the 9th of October<br>\n@ Robadors 23, Barcelona, Spain\/Catalunya<br>\nw Phicus<\/p>\n\n\n\n<p>Saturday the 7th of October<br>\n@ <strong><a target=\"\" rel=\"noopener noreferrer\">Kunstnernes Hus<\/a><\/strong>, Oslo, Norway<br>\n@ 22.15<br>\nsolo<\/p>\n\n\n\n<p>@ <strong><a target=\"\" rel=\"noopener noreferrer\">Mejeriet<\/a><\/strong>, Lund , Sweden<br>\n@ 21.30 w Mathias Landeus small funk unit<\/p>\n\n\n\n<p><strong>September 2017<\/strong><\/p>\n\n\n\n<p>The 29th of September<br>\n@ <strong><a target=\"\" rel=\"noopener noreferrer\">lla Fysikaliske opening fest<\/a>,<\/strong> Oslo, Norway<br>\n@ 20.00<br>\nsolo<\/p>\n\n\n\n<p>The 22nd of September<br>\n@ Tolvan, Torna H\u0102\u00a4llsetad, Sweden<br>\n@ 20.00<br>\nw Anders Lindsj\u0102\u00b6 &#8211; The Stork and the Chimp<\/p>\n\n\n\n<p>The 16th of September<br>\n@ Martin Bryder Galleri, Lund, Sweden<br>\n@ Kulturnatten @ 20.00<br>\nsolo<\/p>\n\n\n\n<p>@ \u0102\u2013sterv\u0102\u00a4rns Antikvariat &amp;amp<br>\n@ 19.00<br>\nw Joel Grip and Martin K\u0102\u013dchen<\/p>\n\n\n\n<p>The 8th of September<br>\n@ Kryptan, Lunds Domkyrka, Lund, Sweden<br>\n@ 20.00<br>\n<a target=\"\" rel=\"noopener noreferrer\">solorelease &#8220;&#8221;Lieber Heiland, la\u0102\u017a uns sterben&#8221;&#8221;<\/a><br>\nFri entr\u0102\u00a9.<\/p>\n\n\n\n<p><strong>August 2017<\/strong><\/p>\n\n\n\n<p>The 31st of August<br>\n@ <a target=\"\" rel=\"noopener noreferrer\">Pardon Tu-Tu<\/a>, Warszawa, Poland<br>\n@20.00<br>\nw Noble\/Berthling\/K\u0102\u013dchen &#8220;&#8221;Threnody, at the gates&#8221;&#8221;<\/p>\n\n\n\n<p>The 27th of August<br>\n@ <a target=\"\" rel=\"noopener noreferrer\">Saalfelden International Jazz festival<\/a>, Saalfelden, Austria<br>\n@ 20.30<br>\nw Angles 9<\/p>\n\n\n\n<p>The 26th of August<br>\n@ <a target=\"\" rel=\"noopener noreferrer\">Summer Bummer festival<\/a>, Sound in Motion, Antwerp, Belgium<br>\n@ 20.00<br>\nw Noble\/Berthling\/K\u0102\u013dchen trio &#8220;&#8221;Threnody, at the gates&#8221;&#8221;<\/p>\n\n\n\n<p>The 13th of August<br>\n@ Varf\u0102\u00b6r:D\u0102\u00a4rf\u0102\u00b6r, Malm\u0102\u00b6festivalen, Malm\u0102\u00b6, Sweden<br>\n@ 13 &#8211; 15<br>\nw Dan Schyman and Christoffer Cantillo<\/p>\n\n\n\n<p><strong>July 2017<\/strong><\/p>\n\n\n\n<p>Sunday the 9th of July<br>\n@ North Sea International Jazz Festival, Rotterdam, The Netherlands<br>\nw Angles 9<\/p>\n\n\n\n<p>@ Serralves em Festa, Porto, Portugal<br>\n@ 18.00<br>\nw Angles 6<\/p>\n\n\n\n<p><strong>May 2017<\/strong><\/p>\n\n\n\n<p>Tuesday the 23d of May<br>\n@ Ping-Pong gallery, Malm\u0102\u00b6, Sweden<br>\nw PRAED + Paulson, Lindsj\u0102\u00b6, Uddeskog, Rubin, N\u0102\u00a4stesj\u0102\u00b6<\/p>\n\n\n\n<p>Tuesday the 9th of May<br>\n@ Playdate, Bergen, Norway<br>\n@ 20.00<br>\nw The Heat Death<\/p>\n\n\n\n<p><strong>March 2017<\/strong><\/p>\n\n\n\n<p>Thursday the 16th of March<br>\n@ Klopeta, Wien, Austria<br>\n@ 20.00<br>\nw K\u0102\u013dchen &amp;amp<\/p>\n\n\n\n<p>Wednesday the 15th of March<br>\n@ Volkshaus, Graz, Austria<br>\n@ 20.00<br>\nw K\u0102\u013dchen &amp;amp<\/p>\n\n\n\n<p>Tuesday the 14th of March<br>\n@ URK, Zagreb, Croatia<br>\n@ 21.00<br>\nw K\u0102\u013dchen &amp;amp<\/p>\n\n\n\n<p>Monday the 13th of March<br>\n@ Galeria SKUC, Ljublijana, Slovenia<br>\n@ 20.00<br>\nw K\u0102\u013dchen &amp;amp<\/p>\n\n\n\n<p>Saturday the 4th of March<br>\n@ Club Baza, Krakow, Poland<br>\n@ 20.00<br>\nw Rafal Mazur<\/p>\n\n\n\n<p><strong>February 2017<\/strong><\/p>\n\n\n\n<p>Saturday the 18th of February<br>\n@ Just Music Festival, Wiesbaden, Germany<br>\n@ 21.00<br>\nw All Included<\/p>\n\n\n\n<p>Sunday the 12th of February<br>\n@ Ping-Pong Gallery<br>\n@ 19.30<br>\nw Mazen Kerbaj and David Stacken\u0102\u00a4s<\/p>\n\n\n\n<p><strong>January 2017<\/strong><\/p>\n\n\n\n<p>Saturday the 28th of January<br>\n@ Spor 5, Stavanger, Norway, <strong><a href=\"https:\/\/www.facebook.com\/earwavesstavanger\/\" target=\"_blank\" rel=\"noopener noreferrer\">Earwavesfestival<\/a><\/strong><br>\n@ 21.30<br>\nw Per Zanussi Ensemble<\/p>\n\n\n\n<p>Friday the 27th of January<br>\n@ Spor 5, Stavanger, Norway, <a href=\"https:\/\/www.facebook.com\/earwavesstavanger\/\" target=\"_blank\" rel=\"noopener noreferrer\"><strong>Earwavesfestival<\/strong><\/a><br>\n@ 21.30<br>\nin duo w St\u00e5le Liavik Solberg<\/p>\n\n\n\n<p>Tuesday the 24th of January<br>\n@ <strong><a href=\"http:\/\/www.galleripingpong.se\/\" target=\"_blank\" rel=\"noopener noreferrer\">Gallery Ping- Pong<\/a><\/strong>, Malm\u00f6, Sweden<br>\n@ 19.30<br>\nduo w <strong>Seijiro Murayama<\/strong> + duo Nguyen Thanh Thuy\/Anders Lindsj\u00f6<\/p>\n\n\n\n<p>Saturday the 21 of January<br>\n@ <a href=\"http:\/\/martinbrydergallery.se\/\" target=\"_blank\" rel=\"noopener noreferrer\"><strong>Martin Bryder Gallery<\/strong><\/a>, Lund, Sweden<br>\n@ 16.00<br>\nw Anders Lindsj\u00f6<\/p>\n\n\n\n<p><strong>December 2016<\/strong><\/p>\n\n\n\n<p>Saturday the 10th of December<br>\n@ <strong>DOM<\/strong>, Moscow, Russia<br>\n@ 21.00<br>\n<strong>Steve Noble<\/strong>\/<strong>Johan Berthling<\/strong>\/<strong>Martin K\u00fcchen<\/strong><\/p>\n\n\n\n<p>Tuesday the 6th of December<br>\n@ <strong>Blow-Out<\/strong>, Oslo, Norway<br>\n@ 20.00<br>\nw <strong>Three Babies<\/strong> (Beresford\/Solberg\/K\u00fcchen)<\/p>\n\n\n\n<p>Sunday the 4th of December<br>\n@ <strong>FRI FORM<\/strong>, Dokkhuset, Trondheim, Norway<br>\n@20.00<br>\nw <strong>Three Babies<\/strong><\/p>\n\n\n\n<p>Friday the 2nd of December<br>\n@ <strong>Kroch # 2<\/strong>, Pygmeteatern, Stockholm, Sweden<br>\n@ 19.30<br>\n<strong>solo<\/strong><\/p>\n\n\n\n<p><strong>November 2016<\/strong><\/p>\n\n\n\n<p>Thursday the the 24th of November<br>\n@ <strong>SMUP<\/strong>, Parede, Portugal<br>\n@ 22.00<br>\nw <strong>Angles 3<\/strong> (Nordeson\/H\u00e5ker-Flaten\/K\u00fcchen)<\/p>\n\n\n\n<p>Wednesday the 23d of November<br>\n@ <strong>SMUP<\/strong>, Parede, Portugal<br>\n@ 22.00<br>\nw <strong>Angles 3<\/strong><\/p>\n\n\n\n<p>Tuesday the 22nd of November<br>\n@ <strong>SMUP<\/strong>, Parede, Portugal<br>\n@ 22.00<br>\n<strong>w Angles 3<\/strong><\/p>\n\n\n\n<p>10 \u2013 13th of November<br>\nin a team of organisers and curators creating<br>\n<a href=\"http:\/\/ljudat.se\/\" target=\"_blank\" rel=\"noopener noreferrer\"><strong>LJUD@2016<\/strong><\/a> International Music Festival<br>\nin Lund, Sweden<\/p>\n\n\n\n<p>Participants in the festival: Lotte Anker, Paul Lovens, Sten Sandell, Lisa Ull\u00e9n, Nina de Heney, Maria Bertels, John Edwards, Tomaz Grom, Anna Lindal, Kristine Scholz, Samo Kutin, Thomas Lehn, Burkhard Beins, Andrea Neumann, Johannes Bergmark, Dirar Kalash, Susana Santos Silva, Torbj\u00f6rn Zetterberg, Raymond Strid, Mathias Landaeus<\/p>\n\n\n\n<p><strong>October 2016<\/strong><\/p>\n\n\n\n<p>Saturday the 29th of October<br>\n@ <strong>Kragujevac International Jazzfestival<\/strong>, Kragujevac, Serbia<br>\n@ 21.00<br>\nw <strong>All Included<\/strong><\/p>\n\n\n\n<p>Friday the 28th of October<br>\n@ <strong>Belgrade International Jazzfestival<\/strong>, Belgrade, Serbia<br>\n@ 24.00<br>\nw <strong>All Included<\/strong><\/p>\n\n\n\n<p>Wednesday the 26th of October<br>\n@ <strong>KSET<\/strong>, Zagreb, Croatia<br>\n@ 21.00<br>\nw <strong>All Included<\/strong><\/p>\n\n\n\n<p>Friday the 21st of October<br>\n@ Oslo Nasjonal jazzscene, <strong>Victoria<\/strong>, Oslo, Norway<br>\n@20.30<br>\nw <strong>Angles 8<\/strong><\/p>\n\n\n\n<p>Wednesday the 19th of October<br>\n@ <strong>Hot Club<\/strong>, Lisbon, Portugal<br>\n@ 22.00<br>\nw <strong>Torbj\u00f6rn Zetterberg<\/strong> and <strong>Gabriel Fernandini<\/strong><\/p>\n\n\n\n<p>Tuesday the 18th of October<br>\n@ <strong>SMUP<\/strong>, Parede, Portugal<br>\n@ 22.00<br>\nw <strong>Angles 8<\/strong><\/p>\n\n\n\n<p>Monday the 17th of October<br>\n@ <strong>Casa de Musica<\/strong>, Porto, Portugal<br>\n@ 22.30<br>\nw <strong>Angles 8<\/strong><\/p>\n\n\n\n<p>Sunday the 9th of October<br>\n@ <strong>Lunds Domkyrka<\/strong>, Lund, Sweden<br>\n@ 19.00<br>\n<strong>solo<\/strong><\/p>\n\n\n\n<p><strong>September 2016<\/strong><\/p>\n\n\n\n<p>Wednesday the 28th of September<br>\n@ <strong>Poeten p\u00e5 H\u00f6rnet<\/strong>, Malm\u00f6, Sweden<br>\n@19.30<br>\nw <strong>Pontus H\u00e4ggblom<\/strong>, <strong>Anders Westerg\u00e5rd<\/strong>, <strong>Johannes N\u00e4stesj\u00f6<\/strong><\/p>\n\n\n\n<p>Friday the 16th of September<br>\n@ <a href=\"http:\/\/www.galeria-el.pl\/\" target=\"_blank\" rel=\"noopener noreferrer\"><strong>Galeria EL<\/strong><\/a>, Elblag(Elbing), Poland<br>\n@ 21.30<br>\n<strong>solo<\/strong><\/p>\n\n\n\n<p>Saturday the 10th of September<br>\n@ <strong>Jaktpaviljongen<\/strong>, Folkets Park, Malm\u00f6, Sweden<br>\nbig ad hoc meeting curated by <strong>Jakob Riis<\/strong><\/p>\n\n\n\n<p><strong>August 2016<\/strong><\/p>\n\n\n\n<p>Wednesday the 31st of August<br>\n@ <strong>Cafe Oto Art space<\/strong>, London, UK<br>\n@ 19.00<br>\nduo w <strong>Steve Noble<\/strong><\/p>\n\n\n\n<p>Tuesday the 30th of August<br>\nstudio recording w <strong>Ed Pettersen<\/strong> and <strong>Roger Turner<\/strong>, Chiswick, London, UK<\/p>\n\n\n\n<p>Saturday the 6th of August<br>\n@ <strong>Hagenfesten<\/strong>, Dala-Floda, Sweden<br>\n@ 16.00<br>\nw <strong>Lisa Ull\u00e9n<\/strong>, <strong>Isak Hedtj\u00e4rn<\/strong> and <strong>Katt Hernandez<\/strong><\/p>\n\n\n\n<p>Friday the 5th of August<br>\n@ <strong>Hagenfesten<\/strong>, Dala-Floda, Sweden<br>\n@ 20.00<br>\nduo w <strong>Joel Bremer<\/strong><\/p>\n\n\n\n<p><strong>July 2016<\/strong><\/p>\n\n\n\n<p>Friday the 8th of July<br>\n@ <strong>Kongsberg International Jazzfestival<\/strong>, Kongsberg, Norway<br>\n@ 16.00<br>\nw <strong>PZ-ensemble<\/strong><\/p>\n\n\n\n<p>Saturday the 2nd of July<br>\n@ V\u00e4ster\u00e5s City festival, <strong>Nya Perspektiv<\/strong>, V\u00e4ster\u00e5s, Sweden<br>\n@ 20.00<br>\nw <strong>Eric Oscarsson 4<\/strong><\/p>\n\n\n\n<p><strong>June 2016<\/strong><\/p>\n\n\n\n<p>Wednesday the 1st of June 2016<br>\n@ <strong>Nattjazz<\/strong>, Bergen, Norway<br>\n@ 22.00<br>\nw <strong>Martin K\u00fcchen &amp; Landaeus trio<\/strong><\/p>\n\n\n\n<p><strong>May 2016<\/strong><\/p>\n\n\n\n<p>Thursday the 31st of May<br>\n@ <strong>Scalateatern<\/strong>, Stockholm, Sweden<br>\n@ 23.00<br>\nw <strong>Martin K\u00fcchen &amp; Landaeus trio<\/strong><\/p>\n\n\n\n<p>Saturday the 28th of May<br>\n@ <strong>Trieste Jazzfestival<\/strong>, Italy<br>\n@ 22.00<br>\nw <strong>Angles 9<\/strong><\/p>\n\n\n\n<p>Friday the 27th of May<br>\n@ <strong>Porgy &amp; Bess<\/strong>, Vienna, Austria<br>\n@ 21.00<br>\nw <strong>Angles 9<\/strong><\/p>\n\n\n\n<p>Thursday the the 26th of May<br>\n@ <strong>Bimhuis<\/strong>, Amsterdam, The Netherlands<br>\n@ 21.30<br>\nw <strong>Angles 9<\/strong><\/p>\n\n\n\n<p>Friday the 20th of May<br>\n@ <strong>SMUP Garden Party<\/strong>, Parede, Portugal<br>\n@ 22.00<br>\nw <strong>The Heat Death<\/strong><\/p>\n\n\n\n<p>Thursday the 19th of May<br>\n@ <strong>Culturgest<\/strong>, Lisbon, Portugal<br>\n@ 21.00<br>\nw <strong>The Heat Death<\/strong><\/p>\n\n\n\n<p>Wednesday the 4th of May<br>\n@ <strong>Malm\u00f6 Musikh\u00f6gskola<\/strong><br>\n@ 12.00<br>\nw <strong>Pontus H\u00e4ggblom<\/strong>, <strong>Lotte Anker<\/strong> and <strong>Johannes N\u00e4stesj\u00f6<\/strong><\/p>\n\n\n\n<p><strong>April 2016<\/strong><\/p>\n\n\n\n<p>Wednesday the 27th of April<br>\n@ <strong>\u00d6stersund Gymnasium<\/strong>, \u00d6stersund, Sweden<br>\n@ 13.00<br>\nw <strong>Eric Oscarsson<\/strong>, <strong>Joe Williamson<\/strong>, <strong>Magnus Vikberg<\/strong><\/p>\n\n\n\n<p>Tuesday the 26th of April<br>\n@ <strong>Svarta L\u00e5dan<\/strong>, L\u00e4nsteatern, \u00d6stersund, Sweden<br>\n@ 20.00<br>\nw <strong>Eric Oscarsson 4<\/strong><\/p>\n\n\n\n<p>Saturday the 16th of April<br>\n@ <strong>Cerkno<\/strong>, Slovenia<br>\n@ 21.30<br>\nw <strong>All Included<\/strong><\/p>\n\n\n\n<p>Wednesday the 13th of April<br>\n@ <strong>Mejeriet<\/strong>, Lund, Sweden<br>\n@ 20.00<br>\nw <strong>Mathias Landaeus trio<\/strong><\/p>\n\n\n\n<p>Sunday the 10th of April<br>\n@ <strong>Gallery Ping-Pong<\/strong>, Malm\u00f6, Sweden<br>\n@ 17.00<br>\nw <strong>K\u00fcchen &amp; M\u00fcntzing Scheibenhonig<\/strong><\/p>\n\n\n\n<p>Sunday the 3d of April<br>\n@ <strong>San Fransisco Music Centre<\/strong>, San Fransisco, California, US<br>\n@ 20.00<br>\nw <strong>Angles 3<\/strong><\/p>\n\n\n\n<p><strong>March 2016<\/strong><\/p>\n\n\n\n<p>Thursday the 31st of March<br>\n@ <strong>Ojai Firestation<\/strong>, Ojai, California, US<br>\n@ 20.00<br>\nw <strong>Angles 3<\/strong><\/p>\n\n\n\n<p>Wednesday the 30th of March<br>\n@ Los Angeles, California, US<br>\nw <strong>Angles 3<\/strong><\/p>\n\n\n\n<p>Tuesday the 29th of March<br>\n@ <strong>San Diego University<\/strong>, San Diego, California, US<br>\n@ 21.00<br>\nw <strong>Angles 3<\/strong><\/p>\n\n\n\n<p>21 \u2013 23 of March<br>\n@ <strong>Oslo Music Academia<\/strong>, Oslo, Norway<br>\nrehearsals and studio recordings w<strong> PZ \u2013 ensemble<\/strong><\/p>\n\n\n\n<p>Sunday the 13th of March<br>\n@ <a title=\"\" href=\"http:\/\/khimaira.se\/program.html\"><strong>Khimaria<\/strong> <\/a>, Sofiagatan 1, Stockholm, Sweden<br>\n@ 19.00<br>\nw Bauchredner (Lazaridou-Chatzigoga\/K\u00fcchen)<\/p>\n\n\n\n<p>Saturday the 12th of March<br>\n@ <a title=\"\" href=\"http:\/\/www.nyaperspektiv.se\/news\/?p=2405\"><strong>Nya Perspektiv<\/strong> <\/a>, V\u00e4ster\u00e5s, Sweden<br>\n@ 21.00<br>\nw Bauchredner<\/p>\n\n\n\n<p>Friday the 11th of March<br>\n@ <strong>Galleri Ping-Pong<\/strong>, Stora Nygatan 4, Malm\u00f6, Sweden<br>\n@ 19.00<br>\nw Bauchredner<\/p>\n\n\n\n<p>Tuesday the 1st of March<br>\n@<a title=\"\" href=\"http:\/\/plato-ostrava.cz\/ryuzo-fukuhara-a-martin-kuchen\/\"><strong>Plato<\/strong> <\/a>, Ostrava, Czeck rep.<br>\n@ 19.00<br>\nw Ryuzo Fukuhara<br>\nperforming \u201cKilling the houses, killing the trees\u201d in duo format<\/p>\n\n\n\n<p>Thursday the 3d of March<br>\n@ <a title=\"\" href=\"http:\/\/www.plzenskavstupenka.cz\/cz\/ostatni\/title\/12466-killing-the-houses-killing-the-trees\"><strong>Moving Station<\/strong> <\/a>, Plzen, Czeck rep.<br>\n@ 20.00<br>\nw Ryuzo Fukuhara<\/p>\n\n\n\n<p><strong>February 2016<\/strong><\/p>\n\n\n\n<p>Saturday the 13th of February<br>\n@Gallery Ping-Pong, Stora Nygatan 4, Malm\u00f6, Sweden<br>\nw Patrik H\u00f6rberg and Mattias Welin; Trio Kontrollkod<br>\n@19.00<br>\nrelease gig of a double cassette<\/p>\n\n\n\n<p><strong>January 2016<\/strong><\/p>\n\n\n\n<p>Wednesday the 20th of January<br>\n@ 19.00<br>\n@ <a title=\"\" href=\"http:\/\/frimsyd.se\/2016\/01\/helena-jureen-trio-kontrollkod\/\"><strong>Galleri Ping-pong<\/strong> <\/a>, Malm\u00f6, Sweden<br>\nw trio kontrollkod (H\u00f6rberg\/Welin\/K\u00fcchen)<\/p>\n\n\n\n<p>Monday the 4th of January<br>\n@ <a title=\"\" href=\"https:\/\/www.facebook.com\/events\/1637522606509505\/\"><strong>Mandagsklubben<\/strong> <\/a>, Copenhagen, Denmark<br>\n@ 20.00<br>\nw Ericson\/Osgood\/M\u00fcntzing<\/p>\n\n\n\n<p><strong>December 2015<\/strong><\/p>\n\n\n\n<p>Sunday the 6th of December<br>\n@ KC Belgie, Hasselt, Belgium<br>\n@ 15.30<br>\n@ <a title=\"\" href=\"http:\/\/soundinmotionvzw.webs.com\/oorstof-2015\"><strong>Winteroorfestival<\/strong> <\/a><br>\nw Three Babies (Beresford\/Solberg\/K\u00fcchen)<\/p>\n\n\n\n<p>Thursday the 3d of December<br>\n@ <a title=\"\" href=\"http:\/\/inderoyjazz.com\/arrangement\/the-heat-death\/\"><strong>Rodbrygga<\/strong> <\/a>, Inderoja, Norway<br>\n@20.30<br>\nw The Heat Death<\/p>\n\n\n\n<p><strong>November 2015<\/strong><\/p>\n\n\n\n<p>Friday the 27th of November<br>\n@ Kjottfabrikken, Bergen, Norway<br>\n@ 20.00<br>\nw Per Zanussi Ensemble<\/p>\n\n\n\n<p>Thursday the 26th of November<br>\nBl\u00e5, Oslo, Norway<br>\n@ 20.00<br>\nw Per Zanussi Ensemble<\/p>\n\n\n\n<p>Wednesday the 25th of November<br>\n@ Hamar Teatret, Hamar jazzclub, Hamar, Norway<br>\n@ 20.00<br>\nw Per Zanussi Ensemble<\/p>\n\n\n\n<p>Tuesday the 24th of November<br>\n@ Trondheim jazzklubb, Dokkhuset, Trondheim, Norway<br>\n@ 20.30<br>\nw Per Zanussi Ensemble<\/p>\n\n\n\n<p>Wednesday the 18th of November<br>\n@ Nasjonal Jazzscene, <a title=\"\" href=\"http:\/\/nasjonaljazzscene.no\/arrangement\/kaja-draksler-susana-santos-silva-the-heat-death\/\"><strong>Victoria<\/strong> <\/a>, Oslo, Norway<br>\n@ 20.00<br>\nw The Heat Death<\/p>\n\n\n\n<p>Tuesday the 3d of November<br>\n@ Blow Out, cafe Mir, Oslo, Norway<br>\n@ 20.00<br>\nw Steve Noble and Johan Berthling<\/p>\n\n\n\n<p>Monday the 2nd of November<br>\n@ <a title=\"\" href=\"http:\/\/ronnells.se\/kalendarium\/\"><strong>R\u00f6nnells<\/strong> <\/a>, Stockholm, Sweden<br>\n@ 19.00<br>\nw Steve Noble, Johan Berthling<\/p>\n","protected":false},"excerpt":{"rendered":"<p>upcoming concerts: June 2026 Sunday the 7th of June @ Kunsthaus Norden, Norden, Germany @ 11.30. Duo with John Hughes. Saturday the 6th of June @ Gerd-Norden, Norden, Germany @ 20.00. Duo with John Hughes. Friday the 5th of June @ Runde Ecken- CUBA- Black Box, M\u00fcnster, Germany @ 19.30. Duo with John Hughes. May &hellip; <\/p>\n<p class=\"link-more\"><a href=\"https:\/\/martinkuchen.com\/index.php\/live-dates\/\" class=\"more-link\">Continue reading<span class=\"screen-reader-text\"> &#8220;Live Dates&#8221;<\/span><\/a><\/p>\n","protected":false},"author":2,"featured_media":0,"parent":0,"menu_order":0,"comment_status":"closed","ping_status":"closed","template":"","meta":{"footnotes":""},"class_list":["post-42","page","type-page","status-publish","hentry"],"_links":{"self":[{"href":"https:\/\/martinkuchen.com\/index.php\/wp-json\/wp\/v2\/pages\/42","targetHints":{"allow":["GET"]}}],"collection":[{"href":"https:\/\/martinkuchen.com\/index.php\/wp-json\/wp\/v2\/pages"}],"about":[{"href":"https:\/\/martinkuchen.com\/index.php\/wp-json\/wp\/v2\/types\/page"}],"author":[{"embeddable":true,"href":"https:\/\/martinkuchen.com\/index.php\/wp-json\/wp\/v2\/users\/2"}],"replies":[{"embeddable":true,"href":"https:\/\/martinkuchen.com\/index.php\/wp-json\/wp\/v2\/comments?post=42"}],"version-history":[{"count":2,"href":"https:\/\/martinkuchen.com\/index.php\/wp-json\/wp\/v2\/pages\/42\/revisions"}],"predecessor-version":[{"id":250,"href":"https:\/\/martinkuchen.com\/index.php\/wp-json\/wp\/v2\/pages\/42\/revisions\/250"}],"wp:attachment":[{"href":"https:\/\/martinkuchen.com\/index.php\/wp-json\/wp\/v2\/media?parent=42"}],"curies":[{"name":"wp","href":"https:\/\/api.w.org\/{rel}","templated":true}]}}